{"version":"1.0","provider_name":"Asociaci\u00f3n Igualar","provider_url":"https:\/\/www.asociacionigualar.org","title":"ART\u00cdCULO DE PRENSA CUELLAR JULIO 2015 - Asociaci\u00f3n Igualar","type":"rich","width":600,"height":338,"html":"<blockquote class=\"wp-embedded-content\" data-secret=\"ltZHweKLs0\"><a href=\"https:\/\/www.asociacionigualar.org\/index.php\/2017\/07\/02\/articulo-prensa-cuellar-julio-2015\/\">ART\u00cdCULO DE PRENSA CUELLAR JULIO 2015<\/a><\/blockquote><iframe sandbox=\"allow-scripts\" security=\"restricted\" src=\"https:\/\/www.asociacionigualar.org\/index.php\/2017\/07\/02\/articulo-prensa-cuellar-julio-2015\/embed\/#?secret=ltZHweKLs0\" width=\"600\" height=\"338\" title=\"\u00abART\u00cdCULO DE PRENSA CUELLAR JULIO 2015\u00bb \u2014 Asociaci\u00f3n Igualar\" data-secret=\"ltZHweKLs0\" frameborder=\"0\" marginwidth=\"0\" marginheight=\"0\" scrolling=\"no\" class=\"wp-embedded-content\"><\/iframe><script>\n\/*! This file is auto-generated *\/\n!function(d,l){\"use strict\";l.querySelector&&d.addEventListener&&\"undefined\"!=typeof URL&&(d.wp=d.wp||{},d.wp.receiveEmbedMessage||(d.wp.receiveEmbedMessage=function(e){var t=e.data;if((t||t.secret||t.message||t.value)&&!\/[^a-zA-Z0-9]\/.test(t.secret)){for(var s,r,n,a=l.querySelectorAll('iframe[data-secret=\"'+t.secret+'\"]'),o=l.querySelectorAll('blockquote[data-secret=\"'+t.secret+'\"]'),c=new RegExp(\"^https?:$\",\"i\"),i=0;i<o.length;i++)o[i].style.display=\"none\";for(i=0;i<a.length;i++)s=a[i],e.source===s.contentWindow&&(s.removeAttribute(\"style\"),\"height\"===t.message?(1e3<(r=parseInt(t.value,10))?r=1e3:~~r<200&&(r=200),s.height=r):\"link\"===t.message&&(r=new URL(s.getAttribute(\"src\")),n=new URL(t.value),c.test(n.protocol))&&n.host===r.host&&l.activeElement===s&&(d.top.location.href=t.value))}},d.addEventListener(\"message\",d.wp.receiveEmbedMessage,!1),l.addEventListener(\"DOMContentLoaded\",function(){for(var e,t,s=l.querySelectorAll(\"iframe.wp-embedded-content\"),r=0;r<s.length;r++)(t=(e=s[r]).getAttribute(\"data-secret\"))||(t=Math.random().toString(36).substring(2,12),e.src+=\"#?secret=\"+t,e.setAttribute(\"data-secret\",t)),e.contentWindow.postMessage({message:\"ready\",secret:t},\"*\")},!1)))}(window,document);\n\/\/# sourceURL=https:\/\/www.asociacionigualar.org\/wp-includes\/js\/wp-embed.min.js\n<\/script>\n","description":"Art\u00edculo de prensa sobre:\u00a0 La asociaci\u00f3n igualar cierra hoy su campamento de verano en la comarca de Cu\u00e9llar, en julio de 2015. PINCHA AQUI PARA VER EL ART\u00cdCULO DE PRENSA J\u00d3VENES DE LA ASOCIACI\u00d3N IGUALAR Y ADIPO EN CUELLAR, 2015"}