{"id":114,"date":"2016-04-19T14:43:56","date_gmt":"2016-04-19T14:43:56","guid":{"rendered":"http:\/\/www.asociacionigualar.org\/?page_id=114"},"modified":"2023-07-11T13:48:40","modified_gmt":"2023-07-11T11:48:40","slug":"departamento-de-comunicacion","status":"publish","type":"page","link":"https:\/\/www.asociacionigualar.org\/index.php\/areas-de-trabajo\/departamento-de-comunicacion\/","title":{"rendered":"Departamento de Comunicaci\u00f3n"},"content":{"rendered":"<h6 style=\"text-align: justify;\"><strong>\u00a0<\/strong><\/h6>\n<figure id=\"attachment_584\" aria-describedby=\"caption-attachment-584\" style=\"width: 86px\" class=\"wp-caption alignleft\"><a href=\"https:\/\/www.asociacionigualar.org\/igualar-red-socia3-logos\/\"><img decoding=\"async\" id=\"longdesc-return-584\" class=\"wp-image-584\" tabindex=\"-1\" src=\"https:\/\/www.asociacionigualar.org\/wp-content\/uploads\/2017\/02\/igualar-red-Socia3-logos-150x150.jpg\" alt=\"\" width=\"86\" height=\"86\" longdesc=\"https:\/\/www.asociacionigualar.org?longdesc=584&amp;referrer=114\" \/><\/a><figcaption id=\"caption-attachment-584\" class=\"wp-caption-text\">Logo de comunicaci\u00f3n<\/figcaption><\/figure>\n<p style=\"text-align: justify;\"><strong>IGUALAR<\/strong> pretende dar a conocer las actividades que lleva a cabo, con la finalidad principal, de que las personas que deseen participar en las mismas puedan conocerlas y beneficiarse de ellas.<\/p>\n<p style=\"text-align: justify;\">As\u00ed mismo, se difunden todas las actividades de la asociaci\u00f3n gracias a los medios de comunicaci\u00f3n locales con el fin de sensibilizar, a trav\u00e9s del ejemplo, sobre el ocio inclusivo.<\/p>\n<p style=\"text-align: justify;\">Adem\u00e1s, <strong>IGUALAR<\/strong> publica un bolet\u00edn mensual en el que se cuenta el d\u00eda a d\u00eda de la asociaci\u00f3n.<\/p>\n<p style=\"text-align: justify;\">Las redes sociales son, en todo caso, la mejor herramienta para difundir lo que hacemos y darnos a conocer, por lo que tambi\u00e9n estamos presentes en facebook , twitter e instagram.<\/p>\n<p style=\"text-align: justify;\">Correo electr\u00f3nico: comunicacion.igualar@gmail.com<\/p>\n<p><img id=\"longdesc-return-1111\" tabindex=\"-1\" longdesc=\"https:\/\/www.asociacionigualar.org?longdesc=1111&amp;referrer=114\" \/><\/p>\n","protected":false},"excerpt":{"rendered":"<p>\u00a0 IGUALAR pretende dar a conocer las actividades que lleva a cabo, con la finalidad principal, de que las personas que deseen participar en las mismas puedan conocerlas y beneficiarse de ellas. As\u00ed mismo, se difunden todas las actividades de la asociaci\u00f3n gracias a los medios de comunicaci\u00f3n locales con el fin de sensibilizar, a &hellip; <a href=\"https:\/\/www.asociacionigualar.org\/index.php\/areas-de-trabajo\/departamento-de-comunicacion\/\" class=\"more-link\">Continuar leyendo<span class=\"screen-reader-text\"> \u00abDepartamento de Comunicaci\u00f3n\u00bb<\/span><\/a><\/p>\n","protected":false},"author":1,"featured_media":0,"parent":726,"menu_order":0,"comment_status":"closed","ping_status":"closed","template":"","meta":{"jetpack_post_was_ever_published":false,"_mc_calendar":[],"footnotes":""},"class_list":["post-114","page","type-page","status-publish","hentry"],"yoast_head":"<!-- This site is optimized with the Yoast SEO plugin v27.4 - https:\/\/yoast.com\/product\/yoast-seo-wordpress\/ -->\n<title>Departamento de Comunicaci\u00f3n - Asociaci\u00f3n Igualar<\/title>\n<meta name=\"robots\" content=\"index, follow, max-snippet:-1, max-image-preview:large, max-video-preview:-1\" \/>\n<link rel=\"canonical\" href=\"https:\/\/www.asociacionigualar.org\/index.php\/areas-de-trabajo\/departamento-de-comunicacion\/\" \/>\n<meta property=\"og:locale\" content=\"es_ES\" \/>\n<meta property=\"og:type\" content=\"article\" \/>\n<meta property=\"og:title\" content=\"Departamento de Comunicaci\u00f3n - Asociaci\u00f3n Igualar\" \/>\n<meta property=\"og:description\" content=\"\u00a0 IGUALAR pretende dar a conocer las actividades que lleva a cabo, con la finalidad principal, de que las personas que deseen participar en las mismas puedan conocerlas y beneficiarse de ellas. As\u00ed mismo, se difunden todas las actividades de la asociaci\u00f3n gracias a los medios de comunicaci\u00f3n locales con el fin de sensibilizar, a &hellip; Continuar leyendo &quot;Departamento de Comunicaci\u00f3n&quot;\" \/>\n<meta property=\"og:url\" content=\"https:\/\/www.asociacionigualar.org\/index.php\/areas-de-trabajo\/departamento-de-comunicacion\/\" \/>\n<meta property=\"og:site_name\" content=\"Asociaci\u00f3n Igualar\" \/>\n<meta property=\"article:modified_time\" content=\"2023-07-11T11:48:40+00:00\" \/>\n<meta property=\"og:image\" content=\"http:\/\/www.asociacionigualar.org\/wp-content\/uploads\/2017\/02\/igualar-red-Socia3-logos-150x150.jpg\" \/>\n<meta name=\"twitter:card\" content=\"summary_large_image\" \/>\n<meta name=\"twitter:label1\" content=\"Tiempo de lectura\" \/>\n\t<meta name=\"twitter:data1\" content=\"1 minuto\" \/>\n<script type=\"application\/ld+json\" class=\"yoast-schema-graph\">{\"@context\":\"https:\\\/\\\/schema.org\",\"@graph\":[{\"@type\":\"WebPage\",\"@id\":\"https:\\\/\\\/www.asociacionigualar.org\\\/index.php\\\/areas-de-trabajo\\\/departamento-de-comunicacion\\\/\",\"url\":\"https:\\\/\\\/www.asociacionigualar.org\\\/index.php\\\/areas-de-trabajo\\\/departamento-de-comunicacion\\\/\",\"name\":\"Departamento de Comunicaci\u00f3n - Asociaci\u00f3n Igualar\",\"isPartOf\":{\"@id\":\"https:\\\/\\\/www.asociacionigualar.org\\\/#website\"},\"primaryImageOfPage\":{\"@id\":\"https:\\\/\\\/www.asociacionigualar.org\\\/index.php\\\/areas-de-trabajo\\\/departamento-de-comunicacion\\\/#primaryimage\"},\"image\":{\"@id\":\"https:\\\/\\\/www.asociacionigualar.org\\\/index.php\\\/areas-de-trabajo\\\/departamento-de-comunicacion\\\/#primaryimage\"},\"thumbnailUrl\":\"http:\\\/\\\/www.asociacionigualar.org\\\/wp-content\\\/uploads\\\/2017\\\/02\\\/igualar-red-Socia3-logos-150x150.jpg\",\"datePublished\":\"2016-04-19T14:43:56+00:00\",\"dateModified\":\"2023-07-11T11:48:40+00:00\",\"breadcrumb\":{\"@id\":\"https:\\\/\\\/www.asociacionigualar.org\\\/index.php\\\/areas-de-trabajo\\\/departamento-de-comunicacion\\\/#breadcrumb\"},\"inLanguage\":\"es\",\"potentialAction\":[{\"@type\":\"ReadAction\",\"target\":[\"https:\\\/\\\/www.asociacionigualar.org\\\/index.php\\\/areas-de-trabajo\\\/departamento-de-comunicacion\\\/\"]}]},{\"@type\":\"ImageObject\",\"inLanguage\":\"es\",\"@id\":\"https:\\\/\\\/www.asociacionigualar.org\\\/index.php\\\/areas-de-trabajo\\\/departamento-de-comunicacion\\\/#primaryimage\",\"url\":\"http:\\\/\\\/www.asociacionigualar.org\\\/wp-content\\\/uploads\\\/2017\\\/02\\\/igualar-red-Socia3-logos-150x150.jpg\",\"contentUrl\":\"http:\\\/\\\/www.asociacionigualar.org\\\/wp-content\\\/uploads\\\/2017\\\/02\\\/igualar-red-Socia3-logos-150x150.jpg\"},{\"@type\":\"BreadcrumbList\",\"@id\":\"https:\\\/\\\/www.asociacionigualar.org\\\/index.php\\\/areas-de-trabajo\\\/departamento-de-comunicacion\\\/#breadcrumb\",\"itemListElement\":[{\"@type\":\"ListItem\",\"position\":1,\"name\":\"Portada\",\"item\":\"https:\\\/\\\/www.asociacionigualar.org\\\/\"},{\"@type\":\"ListItem\",\"position\":2,\"name\":\"\u00c1reas de trabajo\",\"item\":\"https:\\\/\\\/www.asociacionigualar.org\\\/index.php\\\/areas-de-trabajo\\\/\"},{\"@type\":\"ListItem\",\"position\":3,\"name\":\"Departamento de Comunicaci\u00f3n\"}]},{\"@type\":\"WebSite\",\"@id\":\"https:\\\/\\\/www.asociacionigualar.org\\\/#website\",\"url\":\"https:\\\/\\\/www.asociacionigualar.org\\\/\",\"name\":\"Asociaci\u00f3n Igualar\",\"description\":\"Ocio para todos\",\"potentialAction\":[{\"@type\":\"SearchAction\",\"target\":{\"@type\":\"EntryPoint\",\"urlTemplate\":\"https:\\\/\\\/www.asociacionigualar.org\\\/?s={search_term_string}\"},\"query-input\":{\"@type\":\"PropertyValueSpecification\",\"valueRequired\":true,\"valueName\":\"search_term_string\"}}],\"inLanguage\":\"es\"}]}<\/script>\n<!-- \/ Yoast SEO plugin. -->","yoast_head_json":{"title":"Departamento de Comunicaci\u00f3n - Asociaci\u00f3n Igualar","robots":{"index":"index","follow":"follow","max-snippet":"max-snippet:-1","max-image-preview":"max-image-preview:large","max-video-preview":"max-video-preview:-1"},"canonical":"https:\/\/www.asociacionigualar.org\/index.php\/areas-de-trabajo\/departamento-de-comunicacion\/","og_locale":"es_ES","og_type":"article","og_title":"Departamento de Comunicaci\u00f3n - Asociaci\u00f3n Igualar","og_description":"\u00a0 IGUALAR pretende dar a conocer las actividades que lleva a cabo, con la finalidad principal, de que las personas que deseen participar en las mismas puedan conocerlas y beneficiarse de ellas. As\u00ed mismo, se difunden todas las actividades de la asociaci\u00f3n gracias a los medios de comunicaci\u00f3n locales con el fin de sensibilizar, a &hellip; Continuar leyendo \"Departamento de Comunicaci\u00f3n\"","og_url":"https:\/\/www.asociacionigualar.org\/index.php\/areas-de-trabajo\/departamento-de-comunicacion\/","og_site_name":"Asociaci\u00f3n Igualar","article_modified_time":"2023-07-11T11:48:40+00:00","og_image":[{"url":"http:\/\/www.asociacionigualar.org\/wp-content\/uploads\/2017\/02\/igualar-red-Socia3-logos-150x150.jpg","type":"","width":"","height":""}],"twitter_card":"summary_large_image","twitter_misc":{"Tiempo de lectura":"1 minuto"},"schema":{"@context":"https:\/\/schema.org","@graph":[{"@type":"WebPage","@id":"https:\/\/www.asociacionigualar.org\/index.php\/areas-de-trabajo\/departamento-de-comunicacion\/","url":"https:\/\/www.asociacionigualar.org\/index.php\/areas-de-trabajo\/departamento-de-comunicacion\/","name":"Departamento de Comunicaci\u00f3n - Asociaci\u00f3n Igualar","isPartOf":{"@id":"https:\/\/www.asociacionigualar.org\/#website"},"primaryImageOfPage":{"@id":"https:\/\/www.asociacionigualar.org\/index.php\/areas-de-trabajo\/departamento-de-comunicacion\/#primaryimage"},"image":{"@id":"https:\/\/www.asociacionigualar.org\/index.php\/areas-de-trabajo\/departamento-de-comunicacion\/#primaryimage"},"thumbnailUrl":"http:\/\/www.asociacionigualar.org\/wp-content\/uploads\/2017\/02\/igualar-red-Socia3-logos-150x150.jpg","datePublished":"2016-04-19T14:43:56+00:00","dateModified":"2023-07-11T11:48:40+00:00","breadcrumb":{"@id":"https:\/\/www.asociacionigualar.org\/index.php\/areas-de-trabajo\/departamento-de-comunicacion\/#breadcrumb"},"inLanguage":"es","potentialAction":[{"@type":"ReadAction","target":["https:\/\/www.asociacionigualar.org\/index.php\/areas-de-trabajo\/departamento-de-comunicacion\/"]}]},{"@type":"ImageObject","inLanguage":"es","@id":"https:\/\/www.asociacionigualar.org\/index.php\/areas-de-trabajo\/departamento-de-comunicacion\/#primaryimage","url":"http:\/\/www.asociacionigualar.org\/wp-content\/uploads\/2017\/02\/igualar-red-Socia3-logos-150x150.jpg","contentUrl":"http:\/\/www.asociacionigualar.org\/wp-content\/uploads\/2017\/02\/igualar-red-Socia3-logos-150x150.jpg"},{"@type":"BreadcrumbList","@id":"https:\/\/www.asociacionigualar.org\/index.php\/areas-de-trabajo\/departamento-de-comunicacion\/#breadcrumb","itemListElement":[{"@type":"ListItem","position":1,"name":"Portada","item":"https:\/\/www.asociacionigualar.org\/"},{"@type":"ListItem","position":2,"name":"\u00c1reas de trabajo","item":"https:\/\/www.asociacionigualar.org\/index.php\/areas-de-trabajo\/"},{"@type":"ListItem","position":3,"name":"Departamento de Comunicaci\u00f3n"}]},{"@type":"WebSite","@id":"https:\/\/www.asociacionigualar.org\/#website","url":"https:\/\/www.asociacionigualar.org\/","name":"Asociaci\u00f3n Igualar","description":"Ocio para todos","potentialAction":[{"@type":"SearchAction","target":{"@type":"EntryPoint","urlTemplate":"https:\/\/www.asociacionigualar.org\/?s={search_term_string}"},"query-input":{"@type":"PropertyValueSpecification","valueRequired":true,"valueName":"search_term_string"}}],"inLanguage":"es"}]}},"jetpack_sharing_enabled":true,"jetpack_shortlink":"https:\/\/wp.me\/P8oT1p-1Q","jetpack_likes_enabled":false,"_links":{"self":[{"href":"https:\/\/www.asociacionigualar.org\/index.php\/wp-json\/wp\/v2\/pages\/114","targetHints":{"allow":["GET"]}}],"collection":[{"href":"https:\/\/www.asociacionigualar.org\/index.php\/wp-json\/wp\/v2\/pages"}],"about":[{"href":"https:\/\/www.asociacionigualar.org\/index.php\/wp-json\/wp\/v2\/types\/page"}],"author":[{"embeddable":true,"href":"https:\/\/www.asociacionigualar.org\/index.php\/wp-json\/wp\/v2\/users\/1"}],"replies":[{"embeddable":true,"href":"https:\/\/www.asociacionigualar.org\/index.php\/wp-json\/wp\/v2\/comments?post=114"}],"version-history":[{"count":23,"href":"https:\/\/www.asociacionigualar.org\/index.php\/wp-json\/wp\/v2\/pages\/114\/revisions"}],"predecessor-version":[{"id":3062,"href":"https:\/\/www.asociacionigualar.org\/index.php\/wp-json\/wp\/v2\/pages\/114\/revisions\/3062"}],"up":[{"embeddable":true,"href":"https:\/\/www.asociacionigualar.org\/index.php\/wp-json\/wp\/v2\/pages\/726"}],"wp:attachment":[{"href":"https:\/\/www.asociacionigualar.org\/index.php\/wp-json\/wp\/v2\/media?parent=114"}],"curies":[{"name":"wp","href":"https:\/\/api.w.org\/{rel}","templated":true}]}}