{"id":616,"date":"2017-02-07T11:16:58","date_gmt":"2017-02-07T10:16:58","guid":{"rendered":"http:\/\/www.asociacionigualar.org\/index.php\/calendar\/"},"modified":"2017-03-03T15:12:44","modified_gmt":"2017-03-03T14:12:44","slug":"calendar","status":"publish","type":"page","link":"https:\/\/www.asociacionigualar.org\/index.php\/calendar\/","title":{"rendered":"Calendario"},"content":{"rendered":"<p>A continuaci\u00f3n podr\u00e1s ver el calendario con las pr\u00f3ximas actividades que se har\u00e1n desde la asociaci\u00f3n.<\/p>\n\r\n<div id='mc-948a6a8e8cd15db324902317a630b853' class='mc-main mcjs listjs gridjs minijs ajaxjs twentyfifteen calendar month mc-948a6a8e8cd15db324902317a630b853 is-main-view' >\n<script type=\"application\/ld+json\">\n[{\"@context\":\"https:\/\/schema.org\",\"@type\":\"Event\",\"name\":\"LA TERTULIA DE PERICO\",\"description\":\"Los compa\\u00f1eros de comunicaciones, nos presentan como cada lunes, en resumen de lo acontecido en la jornada deportiva y otros deportes. Os esperamos\",\"image\":\"https:\/\/www.asociacionigualar.org\/wp-content\/uploads\/2017\/02\/Logo_-vertical-3-e1495920243189.png\",\"url\":\"https:\/\/www.asociacionigualar.org\/index.php\/calendar\/?mc_id=690\",\"startDate\":\"2026-03-30T19:00:00+02:00\",\"endDate\":\"2026-03-30T20:00:00+02:00\",\"duration\":\"PT1H\",\"eventAttendanceMode\":\"https:\/\/schema.org\/OnlineEventAttendanceMode\",\"location\":{\"@type\":\"VirtualLocation\",\"url\":\"https:\/\/www.asociacionigualar.org\/index.php\/calendar\/?mc_id=690\"}},{\"@context\":\"https:\/\/schema.org\",\"@type\":\"Event\",\"name\":\"VIAJES - CRUCERO ADRI\\u00c1TICO Y VENECIA\",\"description\":\"Los compa\\u00f1eros de Viajes, nos presentan este maravilloso crucero por Grecia y Venecia. Os esperamos.\",\"image\":\"https:\/\/www.asociacionigualar.org\/wp-content\/uploads\/2017\/02\/Logo_-vertical-3-e1495920243189.png\",\"url\":\"https:\/\/www.asociacionigualar.org\/index.php\/calendar\/?mc_id=698\",\"startDate\":\"2026-03-27T00:00:00+02:00\",\"endDate\":\"2026-04-06T01:00:00+02:00\",\"duration\":\"P10DT1H\",\"eventAttendanceMode\":\"https:\/\/schema.org\/OnlineEventAttendanceMode\",\"location\":{\"@type\":\"VirtualLocation\",\"url\":\"https:\/\/www.asociacionigualar.org\/index.php\/calendar\/?mc_id=698\"}},{\"@context\":\"https:\/\/schema.org\",\"@type\":\"Event\",\"name\":\"VIAJES - CRUCERO ADRI\\u00c1TICO Y VENECIA\",\"description\":\"Los compa\\u00f1eros de Viajes, nos presentan este maravilloso crucero por Grecia y Venecia. Os esperamos.\",\"image\":\"https:\/\/www.asociacionigualar.org\/wp-content\/uploads\/2017\/02\/Logo_-vertical-3-e1495920243189.png\",\"url\":\"https:\/\/www.asociacionigualar.org\/index.php\/calendar\/?mc_id=698\",\"startDate\":\"2026-03-27T00:00:00+02:00\",\"endDate\":\"2026-04-06T01:00:00+02:00\",\"duration\":\"P10DT1H\",\"eventAttendanceMode\":\"https:\/\/schema.org\/OnlineEventAttendanceMode\",\"location\":{\"@type\":\"VirtualLocation\",\"url\":\"https:\/\/www.asociacionigualar.org\/index.php\/calendar\/?mc_id=698\"}},{\"@context\":\"https:\/\/schema.org\",\"@type\":\"Event\",\"name\":\"VIAJES - CRUCERO ADRI\\u00c1TICO Y VENECIA\",\"description\":\"Los compa\\u00f1eros de Viajes, nos presentan este maravilloso crucero por Grecia y Venecia. Os esperamos.\",\"image\":\"https:\/\/www.asociacionigualar.org\/wp-content\/uploads\/2017\/02\/Logo_-vertical-3-e1495920243189.png\",\"url\":\"https:\/\/www.asociacionigualar.org\/index.php\/calendar\/?mc_id=698\",\"startDate\":\"2026-03-27T00:00:00+02:00\",\"endDate\":\"2026-04-06T01:00:00+02:00\",\"duration\":\"P10DT1H\",\"eventAttendanceMode\":\"https:\/\/schema.org\/OnlineEventAttendanceMode\",\"location\":{\"@type\":\"VirtualLocation\",\"url\":\"https:\/\/www.asociacionigualar.org\/index.php\/calendar\/?mc_id=698\"}},{\"@context\":\"https:\/\/schema.org\",\"@type\":\"Event\",\"name\":\"VIAJES - CRUCERO ADRI\\u00c1TICO Y VENECIA\",\"description\":\"Los compa\\u00f1eros de Viajes, nos presentan este maravilloso crucero por Grecia y Venecia. Os esperamos.\",\"image\":\"https:\/\/www.asociacionigualar.org\/wp-content\/uploads\/2017\/02\/Logo_-vertical-3-e1495920243189.png\",\"url\":\"https:\/\/www.asociacionigualar.org\/index.php\/calendar\/?mc_id=698\",\"startDate\":\"2026-03-27T00:00:00+02:00\",\"endDate\":\"2026-04-06T01:00:00+02:00\",\"duration\":\"P10DT1H\",\"eventAttendanceMode\":\"https:\/\/schema.org\/OnlineEventAttendanceMode\",\"location\":{\"@type\":\"VirtualLocation\",\"url\":\"https:\/\/www.asociacionigualar.org\/index.php\/calendar\/?mc_id=698\"}},{\"@context\":\"https:\/\/schema.org\",\"@type\":\"Event\",\"name\":\"VIAJES - CRUCERO ADRI\\u00c1TICO Y VENECIA\",\"description\":\"Los compa\\u00f1eros de Viajes, nos presentan este maravilloso crucero por Grecia y Venecia. Os esperamos.\",\"image\":\"https:\/\/www.asociacionigualar.org\/wp-content\/uploads\/2017\/02\/Logo_-vertical-3-e1495920243189.png\",\"url\":\"https:\/\/www.asociacionigualar.org\/index.php\/calendar\/?mc_id=698\",\"startDate\":\"2026-03-27T00:00:00+02:00\",\"endDate\":\"2026-04-06T01:00:00+02:00\",\"duration\":\"P10DT1H\",\"eventAttendanceMode\":\"https:\/\/schema.org\/OnlineEventAttendanceMode\",\"location\":{\"@type\":\"VirtualLocation\",\"url\":\"https:\/\/www.asociacionigualar.org\/index.php\/calendar\/?mc_id=698\"}},{\"@context\":\"https:\/\/schema.org\",\"@type\":\"Event\",\"name\":\"VIAJES - CRUCERO ADRI\\u00c1TICO Y VENECIA\",\"description\":\"Los compa\\u00f1eros de Viajes, nos presentan este maravilloso crucero por Grecia y Venecia. Os esperamos.\",\"image\":\"https:\/\/www.asociacionigualar.org\/wp-content\/uploads\/2017\/02\/Logo_-vertical-3-e1495920243189.png\",\"url\":\"https:\/\/www.asociacionigualar.org\/index.php\/calendar\/?mc_id=698\",\"startDate\":\"2026-03-27T00:00:00+02:00\",\"endDate\":\"2026-04-06T01:00:00+02:00\",\"duration\":\"P10DT1H\",\"eventAttendanceMode\":\"https:\/\/schema.org\/OnlineEventAttendanceMode\",\"location\":{\"@type\":\"VirtualLocation\",\"url\":\"https:\/\/www.asociacionigualar.org\/index.php\/calendar\/?mc_id=698\"}},{\"@context\":\"https:\/\/schema.org\",\"@type\":\"Event\",\"name\":\"LA TERTULIA DE PERICO\",\"description\":\"Loc compa\\u00f1eros de comunicaciones, nos presentan como cada lunes, en resumen de lo acontecido en la jornada deportiva y otros deportes. Os esperamos\",\"image\":\"https:\/\/www.asociacionigualar.org\/wp-content\/uploads\/2017\/02\/Logo_-vertical-3-e1495920243189.png\",\"url\":\"https:\/\/www.asociacionigualar.org\/index.php\/calendar\/?mc_id=691\",\"startDate\":\"2026-04-06T19:00:00+02:00\",\"endDate\":\"2026-04-06T20:00:00+02:00\",\"duration\":\"PT1H\",\"eventAttendanceMode\":\"https:\/\/schema.org\/OnlineEventAttendanceMode\",\"location\":{\"@type\":\"VirtualLocation\",\"url\":\"https:\/\/www.asociacionigualar.org\/index.php\/calendar\/?mc_id=691\"}},{\"@context\":\"https:\/\/schema.org\",\"@type\":\"Event\",\"name\":\"PASEOS Y JORNADAS \\u2013  JORNADA EN CHINCH\\u00d3N\",\"description\":\"Los compa\\u00f1eros de Paseos y Jardines, celebran esta jornada en el pueblo de Chinch\\u00f3n. Nos mostrar\\u00e1n sus calles, plazas y lugares t\\u00edpicos de este pueblo. Os esperamos.\",\"image\":\"https:\/\/www.asociacionigualar.org\/wp-content\/uploads\/2017\/02\/Logo_-vertical-3-e1495920243189.png\",\"url\":\"https:\/\/www.asociacionigualar.org\/index.php\/calendar\/?mc_id=697\",\"startDate\":\"2026-04-12T00:00:00+02:00\",\"endDate\":\"2026-04-12T01:00:00+02:00\",\"duration\":\"PT1H\",\"eventAttendanceMode\":\"https:\/\/schema.org\/OnlineEventAttendanceMode\",\"location\":{\"@type\":\"VirtualLocation\",\"url\":\"https:\/\/www.asociacionigualar.org\/index.php\/calendar\/?mc_id=697\"}},{\"@context\":\"https:\/\/schema.org\",\"@type\":\"Event\",\"name\":\"LA TERTULIA DE PERICO\",\"description\":\"Los compa\\u00f1eros de comunicaciones, nos presentan como cada lunes, en resumen de lo acontecido en la jornada deportiva y otros deportes. Os esperamos\",\"image\":\"https:\/\/www.asociacionigualar.org\/wp-content\/uploads\/2017\/02\/Logo_-vertical-3-e1495920243189.png\",\"url\":\"https:\/\/www.asociacionigualar.org\/index.php\/calendar\/?mc_id=692\",\"startDate\":\"2026-04-13T19:00:00+02:00\",\"endDate\":\"2026-04-13T20:00:00+02:00\",\"duration\":\"PT1H\",\"eventAttendanceMode\":\"https:\/\/schema.org\/OnlineEventAttendanceMode\",\"location\":{\"@type\":\"VirtualLocation\",\"url\":\"https:\/\/www.asociacionigualar.org\/index.php\/calendar\/?mc_id=692\"}},{\"@context\":\"https:\/\/schema.org\",\"@type\":\"Event\",\"name\":\"XVI ASAMBLEA ORDINARIA\",\"description\":\"Los socios de la asociaci\\u00f3n se re\\u00fanen para dar cuenta del las actividades realizadas, las cuentas y realizar preguntas o cuestiones de la asociaci\\u00f3n. Este a\\u00f1o ser\\u00e1 en la Calle Montera, 24, a las 10:30 H. en primera convocatoria y a las 11 H. la segunda. Os esperamos.\",\"image\":\"https:\/\/www.asociacionigualar.org\/wp-content\/uploads\/2017\/02\/Logo_-vertical-3-e1495920243189.png\",\"url\":\"https:\/\/www.asociacionigualar.org\/index.php\/calendar\/?mc_id=702\",\"startDate\":\"2026-04-18T10:30:00+02:00\",\"endDate\":\"2026-04-18T14:00:00+02:00\",\"duration\":\"PT3H30M\",\"eventAttendanceMode\":\"https:\/\/schema.org\/OnlineEventAttendanceMode\",\"location\":{\"@type\":\"VirtualLocation\",\"url\":\"https:\/\/www.asociacionigualar.org\/index.php\/calendar\/?mc_id=702\"}},{\"@context\":\"https:\/\/schema.org\",\"@type\":\"Event\",\"name\":\"LA TERTULIA DE PERICO\",\"description\":\"Los compa\\u00f1eros de comunicaciones, nos presentan como cada lunes, en resumen de lo acontecido en la jornada deportiva y otros deportes. Os esperamos\",\"image\":\"https:\/\/www.asociacionigualar.org\/wp-content\/uploads\/2017\/02\/Logo_-vertical-3-e1495920243189.png\",\"url\":\"https:\/\/www.asociacionigualar.org\/index.php\/calendar\/?mc_id=693\",\"startDate\":\"2026-04-20T19:00:00+02:00\",\"endDate\":\"2026-04-20T20:00:00+02:00\",\"duration\":\"PT1H\",\"eventAttendanceMode\":\"https:\/\/schema.org\/OnlineEventAttendanceMode\",\"location\":{\"@type\":\"VirtualLocation\",\"url\":\"https:\/\/www.asociacionigualar.org\/index.php\/calendar\/?mc_id=693\"}},{\"@context\":\"https:\/\/schema.org\",\"@type\":\"Event\",\"name\":\"LA TERTULIA DE PERICO\",\"description\":\"Los compa\\u00f1eros de comunicaciones, nos presentan como cada lunes, en resumen de lo acontecido en la jornada deportiva y otros deportes. Os esperamos\",\"image\":\"https:\/\/www.asociacionigualar.org\/wp-content\/uploads\/2017\/02\/Logo_-vertical-3-e1495920243189.png\",\"url\":\"https:\/\/www.asociacionigualar.org\/index.php\/calendar\/?mc_id=694\",\"startDate\":\"2026-04-27T19:00:00+02:00\",\"endDate\":\"2026-04-27T20:00:00+02:00\",\"duration\":\"PT1H\",\"eventAttendanceMode\":\"https:\/\/schema.org\/OnlineEventAttendanceMode\",\"location\":{\"@type\":\"VirtualLocation\",\"url\":\"https:\/\/www.asociacionigualar.org\/index.php\/calendar\/?mc_id=694\"}}]\n<\/script>\n<h2 id=\"mc_head_mc-948a6a8e8cd15db324902317a630b853\" class=\"heading my-calendar-month\"><span>Eventos en abril 2026<\/span><\/h2>\n\n<nav class=\"my-calendar-navigation\" aria-label=\"Calendar (top)\">\n<div class=\"my-calendar-header\"><div class='mc-format'>\r\n\t\t<ul><li><button type='button' id='mc_grid-mc-948a6a8e8cd15db324902317a630b853' data-href='https:\/\/www.asociacionigualar.org\/index.php\/calendar\/?format=calendar' aria-pressed=\"true\" class='mc-navigation-button mc-grid-option mc-active'><span class='mc-icon' aria-hidden='true'><\/span><span class=\"maybe-hide\">Ver como <\/span>Cuadr\u00edcula<\/button><\/li><li><button type='button' id='mc_list-mc-948a6a8e8cd15db324902317a630b853' data-href='https:\/\/www.asociacionigualar.org\/index.php\/calendar\/?format=list'  class='mc-navigation-button mc-list-option'><span class='mc-icon' aria-hidden='true'><\/span><span class=\"maybe-hide\">Ver como <\/span>Lista<\/button><\/li><\/ul>\r\n\t\t<\/div><div class='mc-time'><ul><li><button type='button' id='mc_month-mc-948a6a8e8cd15db324902317a630b853' data-href='https:\/\/www.asociacionigualar.org\/index.php\/calendar\/?cid=mc-948a6a8e8cd15db324902317a630b853&#038;time=month' class='mc-navigation-button month mc-active' aria-pressed='true'>Mes<\/button><\/li><li><button type='button' id='mc_week-mc-948a6a8e8cd15db324902317a630b853' data-href='https:\/\/www.asociacionigualar.org\/index.php\/calendar\/?cid=mc-948a6a8e8cd15db324902317a630b853&#038;dy=20&#038;month=4&#038;time=week&#038;yr=2026' class='mc-navigation-button week'>Semana<\/button><\/li><li><button type='button' id='mc_day-mc-948a6a8e8cd15db324902317a630b853' data-href='https:\/\/www.asociacionigualar.org\/index.php\/calendar\/?cid=mc-948a6a8e8cd15db324902317a630b853&#038;dy=20&#038;time=day' class='mc-navigation-button day'>D\u00eda<\/button><li><\/ul><\/div><div class=\"my-calendar-date-switcher\"><form class=\"mc-date-switcher\" action=\"https:\/\/www.asociacionigualar.org\/index.php\/wp-json\/wp\/v2\/pages\/616\/\" method=\"get\"><div><input type=\"hidden\" name=\"cid\" value=\"mc-948a6a8e8cd15db324902317a630b853\" \/> <label class=\"maybe-hide\" for=\"mc-948a6a8e8cd15db324902317a630b853-month\">Mes<\/label> <select id=\"mc-948a6a8e8cd15db324902317a630b853-month\" name=\"month\">\n<option value='1'>enero<\/option>\n<option value='2'>febrero<\/option>\n<option value='3'>marzo<\/option>\n<option value='4' selected='selected'>abril<\/option>\n<option value='5'>mayo<\/option>\n<option value='6'>junio<\/option>\n<option value='7'>julio<\/option>\n<option value='8'>agosto<\/option>\n<option value='9'>septiembre<\/option>\n<option value='10'>octubre<\/option>\n<option value='11'>noviembre<\/option>\n<option value='12'>diciembre<\/option>\n<\/select>\n <label class=\"maybe-hide\" for=\"mc-948a6a8e8cd15db324902317a630b853-year\">A\u00f1o<\/label> <select id=\"mc-948a6a8e8cd15db324902317a630b853-year\" name=\"yr\">\n<option value=\"2000\">2000<\/option>\n<option value=\"2001\">2001<\/option>\n<option value=\"2002\">2002<\/option>\n<option value=\"2003\">2003<\/option>\n<option value=\"2004\">2004<\/option>\n<option value=\"2005\">2005<\/option>\n<option value=\"2006\">2006<\/option>\n<option value=\"2007\">2007<\/option>\n<option value=\"2008\">2008<\/option>\n<option value=\"2009\">2009<\/option>\n<option value=\"2010\">2010<\/option>\n<option value=\"2011\">2011<\/option>\n<option value=\"2012\">2012<\/option>\n<option value=\"2013\">2013<\/option>\n<option value=\"2014\">2014<\/option>\n<option value=\"2015\">2015<\/option>\n<option value=\"2016\">2016<\/option>\n<option value=\"2017\">2017<\/option>\n<option value=\"2018\">2018<\/option>\n<option value=\"2019\">2019<\/option>\n<option value=\"2020\">2020<\/option>\n<option value=\"2021\">2021<\/option>\n<option value=\"2022\">2022<\/option>\n<option value=\"2023\">2023<\/option>\n<option value=\"2024\">2024<\/option>\n<option value=\"2025\">2025<\/option>\n<option value=\"2026\" selected='selected'>2026<\/option>\n<\/select> <input type=\"submit\" class=\"button\" id=\"mc-948a6a8e8cd15db324902317a630b853-button\" value=\"Ir\" \/><\/div><\/form><\/div>\r\n\t\t<div class=\"my-calendar-nav\">\r\n\t\t\t<ul>\r\n\t\t\t\t<li class=\"my-calendar-prev\"><button type=\"button\" class=\"mc-navigation-button\" id=\"mc_previous_mc-948a6a8e8cd15db324902317a630b853\" data-href=\"https:\/\/www.asociacionigualar.org\/index.php\/calendar\/?cid=mc-948a6a8e8cd15db324902317a630b853&#038;dy&#038;month=3&#038;time=month&#038;yr=2026\"><span class=\"mc-icon\" aria-hidden=\"true\"><\/span>Anterior<\/button><\/li><li class=\"my-calendar-today\"><button type=\"button\" id=\"mc_today_mc-948a6a8e8cd15db324902317a630b853\" data-href=\"https:\/\/www.asociacionigualar.org\/index.php\/calendar\/?cid=mc-948a6a8e8cd15db324902317a630b853\" class=\"mc-navigation-button today mc-active\" aria-current=\"true\"><span class=\"mc-icon\" aria-hidden=\"true\"><\/span>Hoy<\/button><\/li><li class=\"my-calendar-next\"><button type=\"button\" class=\"mc-navigation-button\" id=\"mc_next_mc-948a6a8e8cd15db324902317a630b853\" data-href=\"https:\/\/www.asociacionigualar.org\/index.php\/calendar\/?cid=mc-948a6a8e8cd15db324902317a630b853&#038;dy&#038;month=5&#038;time=month&#038;yr=2026\">Siguiente<span class=\"mc-icon\" aria-hidden=\"true\"><\/span><\/button><\/li>\r\n\t\t\t<\/ul>\r\n\t\t<\/div><\/div>\n<\/nav>\n<div class=\"mc-content\">\n<table class='my-calendar-table' aria-labelledby='mc_head_mc-948a6a8e8cd15db324902317a630b853'>\n<thead>\n\t<tr class='mc-row'>\n\t\t<th scope=\"col\" class='day-heading mon'><abbr title=\"lunes\" aria-hidden=\"true\">Lun<\/abbr><span class=\"screen-reader-text\">lunes<\/span><\/th>\n\n\t\t<th scope=\"col\" class='day-heading tues'><abbr title=\"martes\" aria-hidden=\"true\">Mar<\/abbr><span class=\"screen-reader-text\">martes<\/span><\/th>\n\n\t\t<th scope=\"col\" class='day-heading wed'><abbr title=\"mi\u00e9rcoles\" aria-hidden=\"true\">Mi\u00e9<\/abbr><span class=\"screen-reader-text\">mi\u00e9rcoles<\/span><\/th>\n\n\t\t<th scope=\"col\" class='day-heading thur'><abbr title=\"jueves\" aria-hidden=\"true\">Jue<\/abbr><span class=\"screen-reader-text\">jueves<\/span><\/th>\n\n\t\t<th scope=\"col\" class='day-heading fri'><abbr title=\"viernes\" aria-hidden=\"true\">Vie<\/abbr><span class=\"screen-reader-text\">viernes<\/span><\/th>\n\n\t\t<th scope=\"col\" class='weekend-heading sat'><abbr title=\"s\u00e1bado\" aria-hidden=\"true\">S\u00e1b<\/abbr><span class=\"screen-reader-text\">s\u00e1bado<\/span><\/th>\n\n\t\t<th scope=\"col\" class='weekend-heading sun'><abbr title=\"domingo\" aria-hidden=\"true\">Dom<\/abbr><span class=\"screen-reader-text\">domingo<\/span><\/th>\n\t<\/tr>\n<\/thead>\n<tbody>\n<tr class='mc-row'><td id='calendar-2026-03-30' class='mc-events lunes lun past-day past-date  nextmonth has-events author1 mcat_actividades day-with-date'><div class='mc-date-container'>\n\t<span class='mc-date'><span aria-hidden='true' class='mc-day-number'>30<\/span><span class='screen-reader-text mc-day-date'>30 marzo, 2026<\/span><span class=\"event-icon\" aria-hidden=\"true\">&#9679;&#9679;<\/span><span class=\"screen-reader-text\"><span class=\"mc-list-details event-count\">(2 events)<\/span><\/span><\/span><\/div><article id='mc_calendar_30_698-calendar-698' class='mc-mc_calendar_698 calendar-event mc_actividades mc_no-location  past-event mc_primary_actividades nonrecurring mc-1-semana mc-start-01-00 ungrouped mc-event-510 mc-events multidate mc-event mc_rel_actividades'><header>\t<h3 class='event-title summary' id='mc_698-title-mc-948a6a8e8cd15db324902317a630b853'><button type='button'  aria-expanded='false' aria-controls='mc_calendar_30_698-calendar-details-698' class='calendar open url summary has-image'><svg style=\"fill:#000000\" focusable=\"false\" role=\"img\" aria-labelledby=\"cat_698\" class=\"category-icon\" xmlns=\"http:\/\/www.w3.org\/2000\/svg\" viewBox=\"0 0 512 512\"><!-- Font Awesome Free 5.15.3 by @fontawesome - https:\/\/fontawesome.com License - https:\/\/fontawesome.com\/license\/free (Icons: CC BY 4.0, Fonts: SIL OFL 1.1, Code: MIT License) --><title id='cat_698'>Categor\u00eda: Actividades<\/title><path d=\"M256,8C119,8,8,119,8,256S119,504,256,504,504,393,504,256,393,8,256,8Zm92.49,313h0l-20,25a16,16,0,0,1-22.49,2.5h0l-67-49.72a40,40,0,0,1-15-31.23V112a16,16,0,0,1,16-16h32a16,16,0,0,1,16,16V256l58,42.5A16,16,0,0,1,348.49,321Z\"\/><\/svg> <div>12:00 am: VIAJES - CRUCERO ADRI\u00c1TICO Y VENECIA<\/div><\/button><\/h3>\n<\/header><div id='mc_calendar_30_698-calendar-details-698' class='details no-image single-details'  aria-labelledby='mc_698-title-mc-948a6a8e8cd15db324902317a630b853'>\n\t<button type='button' aria-controls='mc_calendar_30_698-calendar-details-698' class='mc-toggle close'><span class='dashicons dashicons-dismiss' aria-hidden='true'><\/span><span class='screen-reader-text'>Close<\/span><\/button><span class=\"event-time value-title\" title=\"2026-03-27T00:00:00\">12:00 am<span class=\"time-separator\"> - <\/span><span class='end-time' title='2026-04-06T01:00:00'>1:00 am<\/span><\/span>\r\n\r\n<div class=\"sub-details\">\r\n\r\n<p class='mc_details'><a href='https:\/\/www.asociacionigualar.org\/index.php\/calendar\/?mc_id=698' class='mc-details' rel=\"nofollow\">M\u00e1s informaci\u00f3n <span class=\"screen-reader-text\">sobre VIAJES - CRUCERO ADRI\u00c1TICO Y VENECIA<\/span><\/a><\/p>\r\n<p><a href=\"https:\/\/www.asociacionigualar.org\/index.php\/calendar\/?mc_id=698\" class=\"event-link external\"><span class=\"screen-reader-text\">M\u00e1s informaci\u00f3n sobre <\/span>VIAJES - CRUCERO ADRI\u00c1TICO Y VENECIA<\/a><\/p><\/div><\/div><!--end .details--><\/article><article id='mc_calendar_30_690-calendar-690' class='mc-mc_calendar_690 calendar-event mc_actividades mc_no-location  past-event mc_primary_actividades nonrecurring mc-1-hora mc-start-19-00 ungrouped mc-event-502 mc-events mc-event mc_rel_actividades'><header>\t<h3 class='event-title summary' id='mc_690-title-mc-948a6a8e8cd15db324902317a630b853'><button type='button'  aria-expanded='false' aria-controls='mc_calendar_30_690-calendar-details-690' class='calendar open url summary has-image'><svg style=\"fill:#000000\" focusable=\"false\" role=\"img\" aria-labelledby=\"cat_690\" class=\"category-icon\" xmlns=\"http:\/\/www.w3.org\/2000\/svg\" viewBox=\"0 0 512 512\"><!-- Font Awesome Free 5.15.3 by @fontawesome - https:\/\/fontawesome.com License - https:\/\/fontawesome.com\/license\/free (Icons: CC BY 4.0, Fonts: SIL OFL 1.1, Code: MIT License) --><title id='cat_690'>Categor\u00eda: Actividades<\/title><path d=\"M256,8C119,8,8,119,8,256S119,504,256,504,504,393,504,256,393,8,256,8Zm92.49,313h0l-20,25a16,16,0,0,1-22.49,2.5h0l-67-49.72a40,40,0,0,1-15-31.23V112a16,16,0,0,1,16-16h32a16,16,0,0,1,16,16V256l58,42.5A16,16,0,0,1,348.49,321Z\"\/><\/svg> <div>7:00 pm: LA TERTULIA DE PERICO<\/div><\/button><\/h3>\n<\/header><div id='mc_calendar_30_690-calendar-details-690' class='details no-image single-details'  aria-labelledby='mc_690-title-mc-948a6a8e8cd15db324902317a630b853'>\n\t<button type='button' aria-controls='mc_calendar_30_690-calendar-details-690' class='mc-toggle close'><span class='dashicons dashicons-dismiss' aria-hidden='true'><\/span><span class='screen-reader-text'>Close<\/span><\/button><span class=\"event-time value-title\" title=\"2026-03-30T19:00:00\">7:00 pm<span class=\"time-separator\"> - <\/span><span class='end-time' title='2026-03-30T20:00:00'>8:00 pm<\/span><\/span>\r\n\r\n<div class=\"sub-details\">\r\n\r\n<p class='mc_details'><a href='https:\/\/www.asociacionigualar.org\/index.php\/calendar\/?mc_id=690' class='mc-details' rel=\"nofollow\">M\u00e1s informaci\u00f3n <span class=\"screen-reader-text\">sobre LA TERTULIA DE PERICO<\/span><\/a><\/p>\r\n<p><a href=\"https:\/\/www.asociacionigualar.org\/index.php\/calendar\/?mc_id=690\" class=\"event-link external\"><span class=\"screen-reader-text\">M\u00e1s informaci\u00f3n sobre <\/span>LA TERTULIA DE PERICO<\/a><\/p><\/div><\/div><!--end .details--><\/article>\n<\/td>\n<td id='calendar-2026-03-31' class='mc-events martes mar past-day past-date  nextmonth has-events author1 mcat_actividades day-with-date'><div class='mc-date-container'>\n\t<span class='mc-date'><span aria-hidden='true' class='mc-day-number'>31<\/span><span class='screen-reader-text mc-day-date'>31 marzo, 2026<\/span><span class=\"event-icon\" aria-hidden=\"true\">&#9679;<\/span><span class=\"screen-reader-text\"><span class=\"mc-list-details event-count\">(1 event)<\/span><\/span><\/span><\/div><article id='mc_calendar_31_698-calendar-698' class='mc-mc_calendar_698 calendar-event mc_actividades mc_no-location  past-event mc_primary_actividades nonrecurring mc-1-semana mc-start-01-00 ungrouped mc-event-510 mc-events multidate mc-event mc_rel_actividades'><header>\t<h3 class='event-title summary' id='mc_698-title-mc-948a6a8e8cd15db324902317a630b853'><button type='button'  aria-expanded='false' aria-controls='mc_calendar_31_698-calendar-details-698' class='calendar open url summary has-image'><svg style=\"fill:#000000\" focusable=\"false\" role=\"img\" aria-labelledby=\"cat_698\" class=\"category-icon\" xmlns=\"http:\/\/www.w3.org\/2000\/svg\" viewBox=\"0 0 512 512\"><!-- Font Awesome Free 5.15.3 by @fontawesome - https:\/\/fontawesome.com License - https:\/\/fontawesome.com\/license\/free (Icons: CC BY 4.0, Fonts: SIL OFL 1.1, Code: MIT License) --><title id='cat_698'>Categor\u00eda: Actividades<\/title><path d=\"M256,8C119,8,8,119,8,256S119,504,256,504,504,393,504,256,393,8,256,8Zm92.49,313h0l-20,25a16,16,0,0,1-22.49,2.5h0l-67-49.72a40,40,0,0,1-15-31.23V112a16,16,0,0,1,16-16h32a16,16,0,0,1,16,16V256l58,42.5A16,16,0,0,1,348.49,321Z\"\/><\/svg> <div>12:00 am: VIAJES - CRUCERO ADRI\u00c1TICO Y VENECIA<\/div><\/button><\/h3>\n<\/header><div id='mc_calendar_31_698-calendar-details-698' class='details no-image single-details'  aria-labelledby='mc_698-title-mc-948a6a8e8cd15db324902317a630b853'>\n\t<button type='button' aria-controls='mc_calendar_31_698-calendar-details-698' class='mc-toggle close'><span class='dashicons dashicons-dismiss' aria-hidden='true'><\/span><span class='screen-reader-text'>Close<\/span><\/button><span class=\"event-time value-title\" title=\"2026-03-27T00:00:00\">12:00 am<span class=\"time-separator\"> - <\/span><span class='end-time' title='2026-04-06T01:00:00'>1:00 am<\/span><\/span>\r\n\r\n<div class=\"sub-details\">\r\n\r\n<p class='mc_details'><a href='https:\/\/www.asociacionigualar.org\/index.php\/calendar\/?mc_id=698' class='mc-details' rel=\"nofollow\">M\u00e1s informaci\u00f3n <span class=\"screen-reader-text\">sobre VIAJES - CRUCERO ADRI\u00c1TICO Y VENECIA<\/span><\/a><\/p>\r\n<p><a href=\"https:\/\/www.asociacionigualar.org\/index.php\/calendar\/?mc_id=698\" class=\"event-link external\"><span class=\"screen-reader-text\">M\u00e1s informaci\u00f3n sobre <\/span>VIAJES - CRUCERO ADRI\u00c1TICO Y VENECIA<\/a><\/p><\/div><\/div><!--end .details--><\/article>\n<\/td>\n<td id='calendar-2026-04-01' class='mc-events mircoles mi past-day past-date   has-events author1 mcat_actividades day-with-date'><div class='mc-date-container'>\n\t<span class='mc-date'><span aria-hidden='true' class='mc-day-number'>1<\/span><span class='screen-reader-text mc-day-date'>1 abril, 2026<\/span><span class=\"event-icon\" aria-hidden=\"true\">&#9679;<\/span><span class=\"screen-reader-text\"><span class=\"mc-list-details event-count\">(1 event)<\/span><\/span><\/span><\/div><article id='mc_calendar_01_698-calendar-698' class='mc-mc_calendar_698 calendar-event mc_actividades mc_no-location  past-event mc_primary_actividades nonrecurring mc-1-semana mc-start-01-00 ungrouped mc-event-510 mc-events multidate mc-event mc_rel_actividades'><header>\t<h3 class='event-title summary' id='mc_698-title-mc-948a6a8e8cd15db324902317a630b853'><button type='button'  aria-expanded='false' aria-controls='mc_calendar_01_698-calendar-details-698' class='calendar open url summary has-image'><svg style=\"fill:#000000\" focusable=\"false\" role=\"img\" aria-labelledby=\"cat_698\" class=\"category-icon\" xmlns=\"http:\/\/www.w3.org\/2000\/svg\" viewBox=\"0 0 512 512\"><!-- Font Awesome Free 5.15.3 by @fontawesome - https:\/\/fontawesome.com License - https:\/\/fontawesome.com\/license\/free (Icons: CC BY 4.0, Fonts: SIL OFL 1.1, Code: MIT License) --><title id='cat_698'>Categor\u00eda: Actividades<\/title><path d=\"M256,8C119,8,8,119,8,256S119,504,256,504,504,393,504,256,393,8,256,8Zm92.49,313h0l-20,25a16,16,0,0,1-22.49,2.5h0l-67-49.72a40,40,0,0,1-15-31.23V112a16,16,0,0,1,16-16h32a16,16,0,0,1,16,16V256l58,42.5A16,16,0,0,1,348.49,321Z\"\/><\/svg> <div>12:00 am: VIAJES - CRUCERO ADRI\u00c1TICO Y VENECIA<\/div><\/button><\/h3>\n<\/header><div id='mc_calendar_01_698-calendar-details-698' class='details no-image single-details'  aria-labelledby='mc_698-title-mc-948a6a8e8cd15db324902317a630b853'>\n\t<button type='button' aria-controls='mc_calendar_01_698-calendar-details-698' class='mc-toggle close'><span class='dashicons dashicons-dismiss' aria-hidden='true'><\/span><span class='screen-reader-text'>Close<\/span><\/button><span class=\"event-time value-title\" title=\"2026-03-27T00:00:00\">12:00 am<span class=\"time-separator\"> - <\/span><span class='end-time' title='2026-04-06T01:00:00'>1:00 am<\/span><\/span>\r\n\r\n<div class=\"sub-details\">\r\n\r\n<p class='mc_details'><a href='https:\/\/www.asociacionigualar.org\/index.php\/calendar\/?mc_id=698' class='mc-details' rel=\"nofollow\">M\u00e1s informaci\u00f3n <span class=\"screen-reader-text\">sobre VIAJES - CRUCERO ADRI\u00c1TICO Y VENECIA<\/span><\/a><\/p>\r\n<p><a href=\"https:\/\/www.asociacionigualar.org\/index.php\/calendar\/?mc_id=698\" class=\"event-link external\"><span class=\"screen-reader-text\">M\u00e1s informaci\u00f3n sobre <\/span>VIAJES - CRUCERO ADRI\u00c1TICO Y VENECIA<\/a><\/p><\/div><\/div><!--end .details--><\/article>\n<\/td>\n<td id='calendar-2026-04-02' class='mc-events jueves jue past-day past-date   has-events author1 mcat_actividades day-with-date'><div class='mc-date-container'>\n\t<span class='mc-date'><span aria-hidden='true' class='mc-day-number'>2<\/span><span class='screen-reader-text mc-day-date'>2 abril, 2026<\/span><span class=\"event-icon\" aria-hidden=\"true\">&#9679;<\/span><span class=\"screen-reader-text\"><span class=\"mc-list-details event-count\">(1 event)<\/span><\/span><\/span><\/div><article id='mc_calendar_02_698-calendar-698' class='mc-mc_calendar_698 calendar-event mc_actividades mc_no-location  past-event mc_primary_actividades nonrecurring mc-1-semana mc-start-01-00 ungrouped mc-event-510 mc-events multidate mc-event mc_rel_actividades'><header>\t<h3 class='event-title summary' id='mc_698-title-mc-948a6a8e8cd15db324902317a630b853'><button type='button'  aria-expanded='false' aria-controls='mc_calendar_02_698-calendar-details-698' class='calendar open url summary has-image'><svg style=\"fill:#000000\" focusable=\"false\" role=\"img\" aria-labelledby=\"cat_698\" class=\"category-icon\" xmlns=\"http:\/\/www.w3.org\/2000\/svg\" viewBox=\"0 0 512 512\"><!-- Font Awesome Free 5.15.3 by @fontawesome - https:\/\/fontawesome.com License - https:\/\/fontawesome.com\/license\/free (Icons: CC BY 4.0, Fonts: SIL OFL 1.1, Code: MIT License) --><title id='cat_698'>Categor\u00eda: Actividades<\/title><path d=\"M256,8C119,8,8,119,8,256S119,504,256,504,504,393,504,256,393,8,256,8Zm92.49,313h0l-20,25a16,16,0,0,1-22.49,2.5h0l-67-49.72a40,40,0,0,1-15-31.23V112a16,16,0,0,1,16-16h32a16,16,0,0,1,16,16V256l58,42.5A16,16,0,0,1,348.49,321Z\"\/><\/svg> <div>12:00 am: VIAJES - CRUCERO ADRI\u00c1TICO Y VENECIA<\/div><\/button><\/h3>\n<\/header><div id='mc_calendar_02_698-calendar-details-698' class='details no-image single-details'  aria-labelledby='mc_698-title-mc-948a6a8e8cd15db324902317a630b853'>\n\t<button type='button' aria-controls='mc_calendar_02_698-calendar-details-698' class='mc-toggle close'><span class='dashicons dashicons-dismiss' aria-hidden='true'><\/span><span class='screen-reader-text'>Close<\/span><\/button><span class=\"event-time value-title\" title=\"2026-03-27T00:00:00\">12:00 am<span class=\"time-separator\"> - <\/span><span class='end-time' title='2026-04-06T01:00:00'>1:00 am<\/span><\/span>\r\n\r\n<div class=\"sub-details\">\r\n\r\n<p class='mc_details'><a href='https:\/\/www.asociacionigualar.org\/index.php\/calendar\/?mc_id=698' class='mc-details' rel=\"nofollow\">M\u00e1s informaci\u00f3n <span class=\"screen-reader-text\">sobre VIAJES - CRUCERO ADRI\u00c1TICO Y VENECIA<\/span><\/a><\/p>\r\n<p><a href=\"https:\/\/www.asociacionigualar.org\/index.php\/calendar\/?mc_id=698\" class=\"event-link external\"><span class=\"screen-reader-text\">M\u00e1s informaci\u00f3n sobre <\/span>VIAJES - CRUCERO ADRI\u00c1TICO Y VENECIA<\/a><\/p><\/div><\/div><!--end .details--><\/article>\n<\/td>\n<td id='calendar-2026-04-03' class='mc-events viernes vie past-day past-date   has-events author1 mcat_actividades day-with-date'><div class='mc-date-container'>\n\t<span class='mc-date'><span aria-hidden='true' class='mc-day-number'>3<\/span><span class='screen-reader-text mc-day-date'>3 abril, 2026<\/span><span class=\"event-icon\" aria-hidden=\"true\">&#9679;<\/span><span class=\"screen-reader-text\"><span class=\"mc-list-details event-count\">(1 event)<\/span><\/span><\/span><\/div><article id='mc_calendar_03_698-calendar-698' class='mc-mc_calendar_698 calendar-event mc_actividades mc_no-location  past-event mc_primary_actividades nonrecurring mc-1-semana mc-start-01-00 ungrouped mc-event-510 mc-events multidate mc-event mc_rel_actividades'><header>\t<h3 class='event-title summary' id='mc_698-title-mc-948a6a8e8cd15db324902317a630b853'><button type='button'  aria-expanded='false' aria-controls='mc_calendar_03_698-calendar-details-698' class='calendar open url summary has-image'><svg style=\"fill:#000000\" focusable=\"false\" role=\"img\" aria-labelledby=\"cat_698\" class=\"category-icon\" xmlns=\"http:\/\/www.w3.org\/2000\/svg\" viewBox=\"0 0 512 512\"><!-- Font Awesome Free 5.15.3 by @fontawesome - https:\/\/fontawesome.com License - https:\/\/fontawesome.com\/license\/free (Icons: CC BY 4.0, Fonts: SIL OFL 1.1, Code: MIT License) --><title id='cat_698'>Categor\u00eda: Actividades<\/title><path d=\"M256,8C119,8,8,119,8,256S119,504,256,504,504,393,504,256,393,8,256,8Zm92.49,313h0l-20,25a16,16,0,0,1-22.49,2.5h0l-67-49.72a40,40,0,0,1-15-31.23V112a16,16,0,0,1,16-16h32a16,16,0,0,1,16,16V256l58,42.5A16,16,0,0,1,348.49,321Z\"\/><\/svg> <div>12:00 am: VIAJES - CRUCERO ADRI\u00c1TICO Y VENECIA<\/div><\/button><\/h3>\n<\/header><div id='mc_calendar_03_698-calendar-details-698' class='details no-image single-details'  aria-labelledby='mc_698-title-mc-948a6a8e8cd15db324902317a630b853'>\n\t<button type='button' aria-controls='mc_calendar_03_698-calendar-details-698' class='mc-toggle close'><span class='dashicons dashicons-dismiss' aria-hidden='true'><\/span><span class='screen-reader-text'>Close<\/span><\/button><span class=\"event-time value-title\" title=\"2026-03-27T00:00:00\">12:00 am<span class=\"time-separator\"> - <\/span><span class='end-time' title='2026-04-06T01:00:00'>1:00 am<\/span><\/span>\r\n\r\n<div class=\"sub-details\">\r\n\r\n<p class='mc_details'><a href='https:\/\/www.asociacionigualar.org\/index.php\/calendar\/?mc_id=698' class='mc-details' rel=\"nofollow\">M\u00e1s informaci\u00f3n <span class=\"screen-reader-text\">sobre VIAJES - CRUCERO ADRI\u00c1TICO Y VENECIA<\/span><\/a><\/p>\r\n<p><a href=\"https:\/\/www.asociacionigualar.org\/index.php\/calendar\/?mc_id=698\" class=\"event-link external\"><span class=\"screen-reader-text\">M\u00e1s informaci\u00f3n sobre <\/span>VIAJES - CRUCERO ADRI\u00c1TICO Y VENECIA<\/a><\/p><\/div><\/div><!--end .details--><\/article>\n<\/td>\n<td id='calendar-2026-04-04' class='mc-events sbado sb past-day past-date weekend  has-events author1 mcat_actividades day-with-date'><div class='mc-date-container'>\n\t<span class='mc-date'><span aria-hidden='true' class='mc-day-number'>4<\/span><span class='screen-reader-text mc-day-date'>4 abril, 2026<\/span><span class=\"event-icon\" aria-hidden=\"true\">&#9679;<\/span><span class=\"screen-reader-text\"><span class=\"mc-list-details event-count\">(1 event)<\/span><\/span><\/span><\/div><article id='mc_calendar_04_698-calendar-698' class='mc-mc_calendar_698 calendar-event mc_actividades mc_no-location  past-event mc_primary_actividades nonrecurring mc-1-semana mc-start-01-00 ungrouped mc-event-510 mc-events multidate mc-event mc_rel_actividades'><header>\t<h3 class='event-title summary' id='mc_698-title-mc-948a6a8e8cd15db324902317a630b853'><button type='button'  aria-expanded='false' aria-controls='mc_calendar_04_698-calendar-details-698' class='calendar open url summary has-image'><svg style=\"fill:#000000\" focusable=\"false\" role=\"img\" aria-labelledby=\"cat_698\" class=\"category-icon\" xmlns=\"http:\/\/www.w3.org\/2000\/svg\" viewBox=\"0 0 512 512\"><!-- Font Awesome Free 5.15.3 by @fontawesome - https:\/\/fontawesome.com License - https:\/\/fontawesome.com\/license\/free (Icons: CC BY 4.0, Fonts: SIL OFL 1.1, Code: MIT License) --><title id='cat_698'>Categor\u00eda: Actividades<\/title><path d=\"M256,8C119,8,8,119,8,256S119,504,256,504,504,393,504,256,393,8,256,8Zm92.49,313h0l-20,25a16,16,0,0,1-22.49,2.5h0l-67-49.72a40,40,0,0,1-15-31.23V112a16,16,0,0,1,16-16h32a16,16,0,0,1,16,16V256l58,42.5A16,16,0,0,1,348.49,321Z\"\/><\/svg> <div>12:00 am: VIAJES - CRUCERO ADRI\u00c1TICO Y VENECIA<\/div><\/button><\/h3>\n<\/header><div id='mc_calendar_04_698-calendar-details-698' class='details no-image single-details'  aria-labelledby='mc_698-title-mc-948a6a8e8cd15db324902317a630b853'>\n\t<button type='button' aria-controls='mc_calendar_04_698-calendar-details-698' class='mc-toggle close'><span class='dashicons dashicons-dismiss' aria-hidden='true'><\/span><span class='screen-reader-text'>Close<\/span><\/button><span class=\"event-time value-title\" title=\"2026-03-27T00:00:00\">12:00 am<span class=\"time-separator\"> - <\/span><span class='end-time' title='2026-04-06T01:00:00'>1:00 am<\/span><\/span>\r\n\r\n<div class=\"sub-details\">\r\n\r\n<p class='mc_details'><a href='https:\/\/www.asociacionigualar.org\/index.php\/calendar\/?mc_id=698' class='mc-details' rel=\"nofollow\">M\u00e1s informaci\u00f3n <span class=\"screen-reader-text\">sobre VIAJES - CRUCERO ADRI\u00c1TICO Y VENECIA<\/span><\/a><\/p>\r\n<p><a href=\"https:\/\/www.asociacionigualar.org\/index.php\/calendar\/?mc_id=698\" class=\"event-link external\"><span class=\"screen-reader-text\">M\u00e1s informaci\u00f3n sobre <\/span>VIAJES - CRUCERO ADRI\u00c1TICO Y VENECIA<\/a><\/p><\/div><\/div><!--end .details--><\/article>\n<\/td>\n<td id='calendar-2026-04-05' class='mc-events domingo dom past-day past-date weekend  has-events author1 mcat_actividades day-with-date'><div class='mc-date-container'>\n\t<span class='mc-date'><span aria-hidden='true' class='mc-day-number'>5<\/span><span class='screen-reader-text mc-day-date'>5 abril, 2026<\/span><span class=\"event-icon\" aria-hidden=\"true\">&#9679;<\/span><span class=\"screen-reader-text\"><span class=\"mc-list-details event-count\">(1 event)<\/span><\/span><\/span><\/div><article id='mc_calendar_05_698-calendar-698' class='mc-mc_calendar_698 calendar-event mc_actividades mc_no-location  past-event mc_primary_actividades nonrecurring mc-1-semana mc-start-01-00 ungrouped mc-event-510 mc-events multidate mc-event mc_rel_actividades'><header>\t<h3 class='event-title summary' id='mc_698-title-mc-948a6a8e8cd15db324902317a630b853'><button type='button'  aria-expanded='false' aria-controls='mc_calendar_05_698-calendar-details-698' class='calendar open url summary has-image'><svg style=\"fill:#000000\" focusable=\"false\" role=\"img\" aria-labelledby=\"cat_698\" class=\"category-icon\" xmlns=\"http:\/\/www.w3.org\/2000\/svg\" viewBox=\"0 0 512 512\"><!-- Font Awesome Free 5.15.3 by @fontawesome - https:\/\/fontawesome.com License - https:\/\/fontawesome.com\/license\/free (Icons: CC BY 4.0, Fonts: SIL OFL 1.1, Code: MIT License) --><title id='cat_698'>Categor\u00eda: Actividades<\/title><path d=\"M256,8C119,8,8,119,8,256S119,504,256,504,504,393,504,256,393,8,256,8Zm92.49,313h0l-20,25a16,16,0,0,1-22.49,2.5h0l-67-49.72a40,40,0,0,1-15-31.23V112a16,16,0,0,1,16-16h32a16,16,0,0,1,16,16V256l58,42.5A16,16,0,0,1,348.49,321Z\"\/><\/svg> <div>12:00 am: VIAJES - CRUCERO ADRI\u00c1TICO Y VENECIA<\/div><\/button><\/h3>\n<\/header><div id='mc_calendar_05_698-calendar-details-698' class='details no-image single-details'  aria-labelledby='mc_698-title-mc-948a6a8e8cd15db324902317a630b853'>\n\t<button type='button' aria-controls='mc_calendar_05_698-calendar-details-698' class='mc-toggle close'><span class='dashicons dashicons-dismiss' aria-hidden='true'><\/span><span class='screen-reader-text'>Close<\/span><\/button><span class=\"event-time value-title\" title=\"2026-03-27T00:00:00\">12:00 am<span class=\"time-separator\"> - <\/span><span class='end-time' title='2026-04-06T01:00:00'>1:00 am<\/span><\/span>\r\n\r\n<div class=\"sub-details\">\r\n\r\n<p class='mc_details'><a href='https:\/\/www.asociacionigualar.org\/index.php\/calendar\/?mc_id=698' class='mc-details' rel=\"nofollow\">M\u00e1s informaci\u00f3n <span class=\"screen-reader-text\">sobre VIAJES - CRUCERO ADRI\u00c1TICO Y VENECIA<\/span><\/a><\/p>\r\n<p><a href=\"https:\/\/www.asociacionigualar.org\/index.php\/calendar\/?mc_id=698\" class=\"event-link external\"><span class=\"screen-reader-text\">M\u00e1s informaci\u00f3n sobre <\/span>VIAJES - CRUCERO ADRI\u00c1TICO Y VENECIA<\/a><\/p><\/div><\/div><!--end .details--><\/article>\n<\/td>\n<\/tr>\n<!-- End Event Row -->\n<tr class='mc-row'><td id='calendar-2026-04-06' class='mc-events lunes lun past-day past-date   has-events author1 mcat_actividades day-with-date'><div class='mc-date-container'>\n\t<span class='mc-date'><span aria-hidden='true' class='mc-day-number'>6<\/span><span class='screen-reader-text mc-day-date'>6 abril, 2026<\/span><span class=\"event-icon\" aria-hidden=\"true\">&#9679;&#9679;<\/span><span class=\"screen-reader-text\"><span class=\"mc-list-details event-count\">(2 events)<\/span><\/span><\/span><\/div><article id='mc_calendar_06_698-calendar-698' class='mc-mc_calendar_698 calendar-event mc_actividades mc_no-location  past-event mc_primary_actividades nonrecurring mc-1-semana mc-start-01-00 ungrouped mc-event-510 mc-events multidate mc-event mc_rel_actividades'><header>\t<h3 class='event-title summary' id='mc_698-title-mc-948a6a8e8cd15db324902317a630b853'><button type='button'  aria-expanded='false' aria-controls='mc_calendar_06_698-calendar-details-698' class='calendar open url summary has-image'><svg style=\"fill:#000000\" focusable=\"false\" role=\"img\" aria-labelledby=\"cat_698\" class=\"category-icon\" xmlns=\"http:\/\/www.w3.org\/2000\/svg\" viewBox=\"0 0 512 512\"><!-- Font Awesome Free 5.15.3 by @fontawesome - https:\/\/fontawesome.com License - https:\/\/fontawesome.com\/license\/free (Icons: CC BY 4.0, Fonts: SIL OFL 1.1, Code: MIT License) --><title id='cat_698'>Categor\u00eda: Actividades<\/title><path d=\"M256,8C119,8,8,119,8,256S119,504,256,504,504,393,504,256,393,8,256,8Zm92.49,313h0l-20,25a16,16,0,0,1-22.49,2.5h0l-67-49.72a40,40,0,0,1-15-31.23V112a16,16,0,0,1,16-16h32a16,16,0,0,1,16,16V256l58,42.5A16,16,0,0,1,348.49,321Z\"\/><\/svg> <div>12:00 am: VIAJES - CRUCERO ADRI\u00c1TICO Y VENECIA<\/div><\/button><\/h3>\n<\/header><div id='mc_calendar_06_698-calendar-details-698' class='details no-image single-details'  aria-labelledby='mc_698-title-mc-948a6a8e8cd15db324902317a630b853'>\n\t<button type='button' aria-controls='mc_calendar_06_698-calendar-details-698' class='mc-toggle close'><span class='dashicons dashicons-dismiss' aria-hidden='true'><\/span><span class='screen-reader-text'>Close<\/span><\/button><span class=\"event-time value-title\" title=\"2026-03-27T00:00:00\">12:00 am<span class=\"time-separator\"> - <\/span><span class='end-time' title='2026-04-06T01:00:00'>1:00 am<\/span><\/span>\r\n\r\n<div class=\"sub-details\">\r\n\r\n<p class='mc_details'><a href='https:\/\/www.asociacionigualar.org\/index.php\/calendar\/?mc_id=698' class='mc-details' rel=\"nofollow\">M\u00e1s informaci\u00f3n <span class=\"screen-reader-text\">sobre VIAJES - CRUCERO ADRI\u00c1TICO Y VENECIA<\/span><\/a><\/p>\r\n<p><a href=\"https:\/\/www.asociacionigualar.org\/index.php\/calendar\/?mc_id=698\" class=\"event-link external\"><span class=\"screen-reader-text\">M\u00e1s informaci\u00f3n sobre <\/span>VIAJES - CRUCERO ADRI\u00c1TICO Y VENECIA<\/a><\/p><\/div><\/div><!--end .details--><\/article><article id='mc_calendar_06_691-calendar-691' class='mc-mc_calendar_691 calendar-event mc_actividades mc_no-location  past-event mc_primary_actividades nonrecurring mc-1-hora mc-start-19-00 ungrouped mc-event-503 mc-events mc-event mc_rel_actividades'><header>\t<h3 class='event-title summary' id='mc_691-title-mc-948a6a8e8cd15db324902317a630b853'><button type='button'  aria-expanded='false' aria-controls='mc_calendar_06_691-calendar-details-691' class='calendar open url summary has-image'><svg style=\"fill:#000000\" focusable=\"false\" role=\"img\" aria-labelledby=\"cat_691\" class=\"category-icon\" xmlns=\"http:\/\/www.w3.org\/2000\/svg\" viewBox=\"0 0 512 512\"><!-- Font Awesome Free 5.15.3 by @fontawesome - https:\/\/fontawesome.com License - https:\/\/fontawesome.com\/license\/free (Icons: CC BY 4.0, Fonts: SIL OFL 1.1, Code: MIT License) --><title id='cat_691'>Categor\u00eda: Actividades<\/title><path d=\"M256,8C119,8,8,119,8,256S119,504,256,504,504,393,504,256,393,8,256,8Zm92.49,313h0l-20,25a16,16,0,0,1-22.49,2.5h0l-67-49.72a40,40,0,0,1-15-31.23V112a16,16,0,0,1,16-16h32a16,16,0,0,1,16,16V256l58,42.5A16,16,0,0,1,348.49,321Z\"\/><\/svg> <div>7:00 pm: LA TERTULIA DE PERICO<\/div><\/button><\/h3>\n<\/header><div id='mc_calendar_06_691-calendar-details-691' class='details no-image single-details'  aria-labelledby='mc_691-title-mc-948a6a8e8cd15db324902317a630b853'>\n\t<button type='button' aria-controls='mc_calendar_06_691-calendar-details-691' class='mc-toggle close'><span class='dashicons dashicons-dismiss' aria-hidden='true'><\/span><span class='screen-reader-text'>Close<\/span><\/button><span class=\"event-time value-title\" title=\"2026-04-06T19:00:00\">7:00 pm<span class=\"time-separator\"> - <\/span><span class='end-time' title='2026-04-06T20:00:00'>8:00 pm<\/span><\/span>\r\n\r\n<div class=\"sub-details\">\r\n\r\n<p class='mc_details'><a href='https:\/\/www.asociacionigualar.org\/index.php\/calendar\/?mc_id=691' class='mc-details' rel=\"nofollow\">M\u00e1s informaci\u00f3n <span class=\"screen-reader-text\">sobre LA TERTULIA DE PERICO<\/span><\/a><\/p>\r\n<p><a href=\"https:\/\/www.asociacionigualar.org\/index.php\/calendar\/?mc_id=691\" class=\"event-link external\"><span class=\"screen-reader-text\">M\u00e1s informaci\u00f3n sobre <\/span>LA TERTULIA DE PERICO<\/a><\/p><\/div><\/div><!--end .details--><\/article>\n<\/td>\n<td class='no-events martes mar past-day past-date   no-events day-with-date'><div class='mc-date-container'><span class='mc-date no-events'><span aria-hidden='true'>7<\/span><span class='screen-reader-text'>7 abril, 2026<\/span><\/span><\/div>\n<\/td>\n<td class='no-events mircoles mi past-day past-date   no-events day-with-date'><div class='mc-date-container'><span class='mc-date no-events'><span aria-hidden='true'>8<\/span><span class='screen-reader-text'>8 abril, 2026<\/span><\/span><\/div>\n<\/td>\n<td class='no-events jueves jue past-day past-date   no-events day-with-date'><div class='mc-date-container'><span class='mc-date no-events'><span aria-hidden='true'>9<\/span><span class='screen-reader-text'>9 abril, 2026<\/span><\/span><\/div>\n<\/td>\n<td class='no-events viernes vie past-day past-date   no-events day-with-date'><div class='mc-date-container'><span class='mc-date no-events'><span aria-hidden='true'>10<\/span><span class='screen-reader-text'>10 abril, 2026<\/span><\/span><\/div>\n<\/td>\n<td class='no-events sbado sb past-day past-date weekend  no-events day-with-date'><div class='mc-date-container'><span class='mc-date no-events'><span aria-hidden='true'>11<\/span><span class='screen-reader-text'>11 abril, 2026<\/span><\/span><\/div>\n<\/td>\n<td id='calendar-2026-04-12' class='mc-events domingo dom past-day past-date weekend  has-events author1 mcat_actividades day-with-date'><div class='mc-date-container'>\n\t<span class='mc-date'><span aria-hidden='true' class='mc-day-number'>12<\/span><span class='screen-reader-text mc-day-date'>12 abril, 2026<\/span><span class=\"event-icon\" aria-hidden=\"true\">&#9679;<\/span><span class=\"screen-reader-text\"><span class=\"mc-list-details event-count\">(1 event)<\/span><\/span><\/span><\/div><article id='mc_calendar_12_697-calendar-697' class='mc-mc_calendar_697 calendar-event mc_actividades mc_no-location  past-event mc_primary_actividades nonrecurring mc-1-hora mc-start-00-00 ungrouped mc-event-509 mc-events mc-event mc_rel_actividades'><header>\t<h3 class='event-title summary' id='mc_697-title-mc-948a6a8e8cd15db324902317a630b853'><button type='button'  aria-expanded='false' aria-controls='mc_calendar_12_697-calendar-details-697' class='calendar open url summary has-image'><svg style=\"fill:#000000\" focusable=\"false\" role=\"img\" aria-labelledby=\"cat_697\" class=\"category-icon\" xmlns=\"http:\/\/www.w3.org\/2000\/svg\" viewBox=\"0 0 512 512\"><!-- Font Awesome Free 5.15.3 by @fontawesome - https:\/\/fontawesome.com License - https:\/\/fontawesome.com\/license\/free (Icons: CC BY 4.0, Fonts: SIL OFL 1.1, Code: MIT License) --><title id='cat_697'>Categor\u00eda: Actividades<\/title><path d=\"M256,8C119,8,8,119,8,256S119,504,256,504,504,393,504,256,393,8,256,8Zm92.49,313h0l-20,25a16,16,0,0,1-22.49,2.5h0l-67-49.72a40,40,0,0,1-15-31.23V112a16,16,0,0,1,16-16h32a16,16,0,0,1,16,16V256l58,42.5A16,16,0,0,1,348.49,321Z\"\/><\/svg> <div>12:00 am: PASEOS Y JORNADAS \u2013  JORNADA EN CHINCH\u00d3N<\/div><\/button><\/h3>\n<\/header><div id='mc_calendar_12_697-calendar-details-697' class='details no-image single-details'  aria-labelledby='mc_697-title-mc-948a6a8e8cd15db324902317a630b853'>\n\t<button type='button' aria-controls='mc_calendar_12_697-calendar-details-697' class='mc-toggle close'><span class='dashicons dashicons-dismiss' aria-hidden='true'><\/span><span class='screen-reader-text'>Close<\/span><\/button><span class=\"event-time value-title\" title=\"2026-04-12T00:00:00\">12:00 am<span class=\"time-separator\"> - <\/span><span class='end-time' title='2026-04-12T01:00:00'>1:00 am<\/span><\/span>\r\n\r\n<div class=\"sub-details\">\r\n\r\n<p class='mc_details'><a href='https:\/\/www.asociacionigualar.org\/index.php\/calendar\/?mc_id=697' class='mc-details' rel=\"nofollow\">M\u00e1s informaci\u00f3n <span class=\"screen-reader-text\">sobre PASEOS Y JORNADAS \u2013  JORNADA EN CHINCH\u00d3N<\/span><\/a><\/p>\r\n<p><a href=\"https:\/\/www.asociacionigualar.org\/index.php\/calendar\/?mc_id=697\" class=\"event-link external\"><span class=\"screen-reader-text\">M\u00e1s informaci\u00f3n sobre <\/span>PASEOS Y JORNADAS \u2013  JORNADA EN CHINCH\u00d3N<\/a><\/p><\/div><\/div><!--end .details--><\/article>\n<\/td>\n<\/tr>\n<!-- End Event Row -->\n<tr class='mc-row'><td id='calendar-2026-04-13' class='mc-events lunes lun past-day past-date   has-events author1 mcat_actividades day-with-date'><div class='mc-date-container'>\n\t<span class='mc-date'><span aria-hidden='true' class='mc-day-number'>13<\/span><span class='screen-reader-text mc-day-date'>13 abril, 2026<\/span><span class=\"event-icon\" aria-hidden=\"true\">&#9679;<\/span><span class=\"screen-reader-text\"><span class=\"mc-list-details event-count\">(1 event)<\/span><\/span><\/span><\/div><article id='mc_calendar_13_692-calendar-692' class='mc-mc_calendar_692 calendar-event mc_actividades mc_no-location  past-event mc_primary_actividades nonrecurring mc-1-hora mc-start-19-00 ungrouped mc-event-504 mc-events mc-event mc_rel_actividades'><header>\t<h3 class='event-title summary' id='mc_692-title-mc-948a6a8e8cd15db324902317a630b853'><button type='button'  aria-expanded='false' aria-controls='mc_calendar_13_692-calendar-details-692' class='calendar open url summary has-image'><svg style=\"fill:#000000\" focusable=\"false\" role=\"img\" aria-labelledby=\"cat_692\" class=\"category-icon\" xmlns=\"http:\/\/www.w3.org\/2000\/svg\" viewBox=\"0 0 512 512\"><!-- Font Awesome Free 5.15.3 by @fontawesome - https:\/\/fontawesome.com License - https:\/\/fontawesome.com\/license\/free (Icons: CC BY 4.0, Fonts: SIL OFL 1.1, Code: MIT License) --><title id='cat_692'>Categor\u00eda: Actividades<\/title><path d=\"M256,8C119,8,8,119,8,256S119,504,256,504,504,393,504,256,393,8,256,8Zm92.49,313h0l-20,25a16,16,0,0,1-22.49,2.5h0l-67-49.72a40,40,0,0,1-15-31.23V112a16,16,0,0,1,16-16h32a16,16,0,0,1,16,16V256l58,42.5A16,16,0,0,1,348.49,321Z\"\/><\/svg> <div>7:00 pm: LA TERTULIA DE PERICO<\/div><\/button><\/h3>\n<\/header><div id='mc_calendar_13_692-calendar-details-692' class='details no-image single-details'  aria-labelledby='mc_692-title-mc-948a6a8e8cd15db324902317a630b853'>\n\t<button type='button' aria-controls='mc_calendar_13_692-calendar-details-692' class='mc-toggle close'><span class='dashicons dashicons-dismiss' aria-hidden='true'><\/span><span class='screen-reader-text'>Close<\/span><\/button><span class=\"event-time value-title\" title=\"2026-04-13T19:00:00\">7:00 pm<span class=\"time-separator\"> - <\/span><span class='end-time' title='2026-04-13T20:00:00'>8:00 pm<\/span><\/span>\r\n\r\n<div class=\"sub-details\">\r\n\r\n<p class='mc_details'><a href='https:\/\/www.asociacionigualar.org\/index.php\/calendar\/?mc_id=692' class='mc-details' rel=\"nofollow\">M\u00e1s informaci\u00f3n <span class=\"screen-reader-text\">sobre LA TERTULIA DE PERICO<\/span><\/a><\/p>\r\n<p><a href=\"https:\/\/www.asociacionigualar.org\/index.php\/calendar\/?mc_id=692\" class=\"event-link external\"><span class=\"screen-reader-text\">M\u00e1s informaci\u00f3n sobre <\/span>LA TERTULIA DE PERICO<\/a><\/p><\/div><\/div><!--end .details--><\/article>\n<\/td>\n<td class='no-events martes mar past-day past-date   no-events day-with-date'><div class='mc-date-container'><span class='mc-date no-events'><span aria-hidden='true'>14<\/span><span class='screen-reader-text'>14 abril, 2026<\/span><\/span><\/div>\n<\/td>\n<td class='no-events mircoles mi past-day past-date   no-events day-with-date'><div class='mc-date-container'><span class='mc-date no-events'><span aria-hidden='true'>15<\/span><span class='screen-reader-text'>15 abril, 2026<\/span><\/span><\/div>\n<\/td>\n<td class='no-events jueves jue past-day past-date   no-events day-with-date'><div class='mc-date-container'><span class='mc-date no-events'><span aria-hidden='true'>16<\/span><span class='screen-reader-text'>16 abril, 2026<\/span><\/span><\/div>\n<\/td>\n<td class='no-events viernes vie past-day past-date   no-events day-with-date'><div class='mc-date-container'><span class='mc-date no-events'><span aria-hidden='true'>17<\/span><span class='screen-reader-text'>17 abril, 2026<\/span><\/span><\/div>\n<\/td>\n<td id='calendar-2026-04-18' class='mc-events sbado sb past-day past-date weekend  has-events author1 mcat_actividades day-with-date'><div class='mc-date-container'>\n\t<span class='mc-date'><span aria-hidden='true' class='mc-day-number'>18<\/span><span class='screen-reader-text mc-day-date'>18 abril, 2026<\/span><span class=\"event-icon\" aria-hidden=\"true\">&#9679;<\/span><span class=\"screen-reader-text\"><span class=\"mc-list-details event-count\">(1 event)<\/span><\/span><\/span><\/div><article id='mc_calendar_18_702-calendar-702' class='mc-mc_calendar_702 calendar-event mc_actividades mc_no-location  past-event mc_primary_actividades nonrecurring mc-4-horas mc-start-10-30 ungrouped mc-event-514 mc-events mc-event mc_rel_actividades'><header>\t<h3 class='event-title summary' id='mc_702-title-mc-948a6a8e8cd15db324902317a630b853'><button type='button'  aria-expanded='false' aria-controls='mc_calendar_18_702-calendar-details-702' class='calendar open url summary has-image'><svg style=\"fill:#000000\" focusable=\"false\" role=\"img\" aria-labelledby=\"cat_702\" class=\"category-icon\" xmlns=\"http:\/\/www.w3.org\/2000\/svg\" viewBox=\"0 0 512 512\"><!-- Font Awesome Free 5.15.3 by @fontawesome - https:\/\/fontawesome.com License - https:\/\/fontawesome.com\/license\/free (Icons: CC BY 4.0, Fonts: SIL OFL 1.1, Code: MIT License) --><title id='cat_702'>Categor\u00eda: Actividades<\/title><path d=\"M256,8C119,8,8,119,8,256S119,504,256,504,504,393,504,256,393,8,256,8Zm92.49,313h0l-20,25a16,16,0,0,1-22.49,2.5h0l-67-49.72a40,40,0,0,1-15-31.23V112a16,16,0,0,1,16-16h32a16,16,0,0,1,16,16V256l58,42.5A16,16,0,0,1,348.49,321Z\"\/><\/svg> <div>10:30 am: XVI ASAMBLEA ORDINARIA<\/div><\/button><\/h3>\n<\/header><div id='mc_calendar_18_702-calendar-details-702' class='details no-image single-details'  aria-labelledby='mc_702-title-mc-948a6a8e8cd15db324902317a630b853'>\n\t<button type='button' aria-controls='mc_calendar_18_702-calendar-details-702' class='mc-toggle close'><span class='dashicons dashicons-dismiss' aria-hidden='true'><\/span><span class='screen-reader-text'>Close<\/span><\/button><span class=\"event-time value-title\" title=\"2026-04-18T10:30:00\">10:30 am<span class=\"time-separator\"> - <\/span><span class='end-time' title='2026-04-18T14:00:00'>2:00 pm<\/span><\/span>\r\n\r\n<div class=\"sub-details\">\r\n\r\n<p class='mc_details'><a href='https:\/\/www.asociacionigualar.org\/index.php\/calendar\/?mc_id=702' class='mc-details' rel=\"nofollow\">M\u00e1s informaci\u00f3n <span class=\"screen-reader-text\">sobre XVI ASAMBLEA ORDINARIA<\/span><\/a><\/p>\r\n<p><a href=\"https:\/\/www.asociacionigualar.org\/index.php\/calendar\/?mc_id=702\" class=\"event-link external\"><span class=\"screen-reader-text\">M\u00e1s informaci\u00f3n sobre <\/span>XVI ASAMBLEA ORDINARIA<\/a><\/p><\/div><\/div><!--end .details--><\/article>\n<\/td>\n<td class='no-events domingo dom past-day past-date weekend  no-events day-with-date'><div class='mc-date-container'><span class='mc-date no-events'><span aria-hidden='true'>19<\/span><span class='screen-reader-text'>19 abril, 2026<\/span><\/span><\/div>\n<\/td>\n<\/tr>\n<!-- End Event Row -->\n<tr class='mc-row'><td id='calendar-2026-04-20' class='mc-events lunes lun past-day past-date   has-events author1 mcat_actividades day-with-date'><div class='mc-date-container'>\n\t<span class='mc-date'><span aria-hidden='true' class='mc-day-number'>20<\/span><span class='screen-reader-text mc-day-date'>20 abril, 2026<\/span><span class=\"event-icon\" aria-hidden=\"true\">&#9679;<\/span><span class=\"screen-reader-text\"><span class=\"mc-list-details event-count\">(1 event)<\/span><\/span><\/span><\/div><article id='mc_calendar_20_693-calendar-693' class='mc-mc_calendar_693 calendar-event mc_actividades mc_no-location  past-event mc_primary_actividades nonrecurring mc-1-hora mc-start-19-00 ungrouped mc-event-505 mc-events mc-event mc_rel_actividades'><header>\t<h3 class='event-title summary' id='mc_693-title-mc-948a6a8e8cd15db324902317a630b853'><button type='button'  aria-expanded='false' aria-controls='mc_calendar_20_693-calendar-details-693' class='calendar open url summary has-image'><svg style=\"fill:#000000\" focusable=\"false\" role=\"img\" aria-labelledby=\"cat_693\" class=\"category-icon\" xmlns=\"http:\/\/www.w3.org\/2000\/svg\" viewBox=\"0 0 512 512\"><!-- Font Awesome Free 5.15.3 by @fontawesome - https:\/\/fontawesome.com License - https:\/\/fontawesome.com\/license\/free (Icons: CC BY 4.0, Fonts: SIL OFL 1.1, Code: MIT License) --><title id='cat_693'>Categor\u00eda: Actividades<\/title><path d=\"M256,8C119,8,8,119,8,256S119,504,256,504,504,393,504,256,393,8,256,8Zm92.49,313h0l-20,25a16,16,0,0,1-22.49,2.5h0l-67-49.72a40,40,0,0,1-15-31.23V112a16,16,0,0,1,16-16h32a16,16,0,0,1,16,16V256l58,42.5A16,16,0,0,1,348.49,321Z\"\/><\/svg> <div>7:00 pm: LA TERTULIA DE PERICO<\/div><\/button><\/h3>\n<\/header><div id='mc_calendar_20_693-calendar-details-693' class='details no-image single-details'  aria-labelledby='mc_693-title-mc-948a6a8e8cd15db324902317a630b853'>\n\t<button type='button' aria-controls='mc_calendar_20_693-calendar-details-693' class='mc-toggle close'><span class='dashicons dashicons-dismiss' aria-hidden='true'><\/span><span class='screen-reader-text'>Close<\/span><\/button><span class=\"event-time value-title\" title=\"2026-04-20T19:00:00\">7:00 pm<span class=\"time-separator\"> - <\/span><span class='end-time' title='2026-04-20T20:00:00'>8:00 pm<\/span><\/span>\r\n\r\n<div class=\"sub-details\">\r\n\r\n<p class='mc_details'><a href='https:\/\/www.asociacionigualar.org\/index.php\/calendar\/?mc_id=693' class='mc-details' rel=\"nofollow\">M\u00e1s informaci\u00f3n <span class=\"screen-reader-text\">sobre LA TERTULIA DE PERICO<\/span><\/a><\/p>\r\n<p><a href=\"https:\/\/www.asociacionigualar.org\/index.php\/calendar\/?mc_id=693\" class=\"event-link external\"><span class=\"screen-reader-text\">M\u00e1s informaci\u00f3n sobre <\/span>LA TERTULIA DE PERICO<\/a><\/p><\/div><\/div><!--end .details--><\/article>\n<\/td>\n<td class='no-events martes mar past-day past-date   no-events day-with-date'><div class='mc-date-container'><span class='mc-date no-events'><span aria-hidden='true'>21<\/span><span class='screen-reader-text'>21 abril, 2026<\/span><\/span><\/div>\n<\/td>\n<td class='no-events mircoles mi past-day past-date   no-events day-with-date'><div class='mc-date-container'><span class='mc-date no-events'><span aria-hidden='true'>22<\/span><span class='screen-reader-text'>22 abril, 2026<\/span><\/span><\/div>\n<\/td>\n<td class='no-events jueves jue past-day past-date   no-events day-with-date'><div class='mc-date-container'><span class='mc-date no-events'><span aria-hidden='true'>23<\/span><span class='screen-reader-text'>23 abril, 2026<\/span><\/span><\/div>\n<\/td>\n<td class='no-events viernes vie past-day past-date   no-events day-with-date'><div class='mc-date-container'><span class='mc-date no-events'><span aria-hidden='true'>24<\/span><span class='screen-reader-text'>24 abril, 2026<\/span><\/span><\/div>\n<\/td>\n<td class='no-events sbado sb past-day past-date weekend  no-events day-with-date'><div class='mc-date-container'><span class='mc-date no-events'><span aria-hidden='true'>25<\/span><span class='screen-reader-text'>25 abril, 2026<\/span><\/span><\/div>\n<\/td>\n<td aria-current=\"date\" class='no-events domingo dom current-day weekend  no-events day-with-date'><div class='mc-date-container'><span class='mc-date no-events'><span aria-hidden='true'>26<\/span><span class='screen-reader-text'>26 abril, 2026<\/span><\/span><\/div>\n<\/td>\n<\/tr>\n<!-- End Event Row -->\n<tr class='mc-row'><td id='calendar-2026-04-27' class='mc-events lunes lun future-day   has-events author1 mcat_actividades day-with-date'><div class='mc-date-container'>\n\t<span class='mc-date'><span aria-hidden='true' class='mc-day-number'>27<\/span><span class='screen-reader-text mc-day-date'>27 abril, 2026<\/span><span class=\"event-icon\" aria-hidden=\"true\">&#9679;<\/span><span class=\"screen-reader-text\"><span class=\"mc-list-details event-count\">(1 event)<\/span><\/span><\/span><\/div><article id='mc_calendar_27_694-calendar-694' class='mc-mc_calendar_694 calendar-event mc_actividades mc_no-location  future-event mc_primary_actividades nonrecurring mc-1-hora mc-start-19-00 ungrouped mc-event-506 mc-events mc-event mc_rel_actividades'><header>\t<h3 class='event-title summary' id='mc_694-title-mc-948a6a8e8cd15db324902317a630b853'><button type='button'  aria-expanded='false' aria-controls='mc_calendar_27_694-calendar-details-694' class='calendar open url summary has-image'><svg style=\"fill:#000000\" focusable=\"false\" role=\"img\" aria-labelledby=\"cat_694\" class=\"category-icon\" xmlns=\"http:\/\/www.w3.org\/2000\/svg\" viewBox=\"0 0 512 512\"><!-- Font Awesome Free 5.15.3 by @fontawesome - https:\/\/fontawesome.com License - https:\/\/fontawesome.com\/license\/free (Icons: CC BY 4.0, Fonts: SIL OFL 1.1, Code: MIT License) --><title id='cat_694'>Categor\u00eda: Actividades<\/title><path d=\"M256,8C119,8,8,119,8,256S119,504,256,504,504,393,504,256,393,8,256,8Zm92.49,313h0l-20,25a16,16,0,0,1-22.49,2.5h0l-67-49.72a40,40,0,0,1-15-31.23V112a16,16,0,0,1,16-16h32a16,16,0,0,1,16,16V256l58,42.5A16,16,0,0,1,348.49,321Z\"\/><\/svg> <div>7:00 pm: LA TERTULIA DE PERICO<\/div><\/button><\/h3>\n<\/header><div id='mc_calendar_27_694-calendar-details-694' class='details no-image single-details'  aria-labelledby='mc_694-title-mc-948a6a8e8cd15db324902317a630b853'>\n\t<button type='button' aria-controls='mc_calendar_27_694-calendar-details-694' class='mc-toggle close'><span class='dashicons dashicons-dismiss' aria-hidden='true'><\/span><span class='screen-reader-text'>Close<\/span><\/button><span class=\"event-time value-title\" title=\"2026-04-27T19:00:00\">7:00 pm<span class=\"time-separator\"> - <\/span><span class='end-time' title='2026-04-27T20:00:00'>8:00 pm<\/span><\/span>\r\n\r\n<div class=\"sub-details\">\r\n\r\n<p class='mc_details'><a href='https:\/\/www.asociacionigualar.org\/index.php\/calendar\/?mc_id=694' class='mc-details'>M\u00e1s informaci\u00f3n <span class=\"screen-reader-text\">sobre LA TERTULIA DE PERICO<\/span><\/a><\/p>\r\n<p><a href=\"https:\/\/www.asociacionigualar.org\/index.php\/calendar\/?mc_id=694\" class=\"event-link external\"><span class=\"screen-reader-text\">M\u00e1s informaci\u00f3n sobre <\/span>LA TERTULIA DE PERICO<\/a><\/p><\/div><\/div><!--end .details--><\/article>\n<\/td>\n<td class='no-events martes mar future-day   no-events day-with-date'><div class='mc-date-container'><span class='mc-date no-events'><span aria-hidden='true'>28<\/span><span class='screen-reader-text'>28 abril, 2026<\/span><\/span><\/div>\n<\/td>\n<td class='no-events mircoles mi future-day   no-events day-with-date'><div class='mc-date-container'><span class='mc-date no-events'><span aria-hidden='true'>29<\/span><span class='screen-reader-text'>29 abril, 2026<\/span><\/span><\/div>\n<\/td>\n<td class='no-events jueves jue future-day   no-events day-with-date'><div class='mc-date-container'><span class='mc-date no-events'><span aria-hidden='true'>30<\/span><span class='screen-reader-text'>30 abril, 2026<\/span><\/span><\/div>\n<\/td>\n<td class='no-events viernes vie future-day  nextmonth no-events day-with-date'><div class='mc-date-container'><span class='mc-date no-events'><span aria-hidden='true'>1<\/span><span class='screen-reader-text'>1 mayo, 2026<\/span><\/span><\/div>\n<\/td>\n<td class='no-events sbado sb future-day weekend nextmonth no-events day-with-date'><div class='mc-date-container'><span class='mc-date no-events'><span aria-hidden='true'>2<\/span><span class='screen-reader-text'>2 mayo, 2026<\/span><\/span><\/div>\n<\/td>\n<td class='no-events domingo dom future-day weekend nextmonth no-events day-with-date'><div class='mc-date-container'><span class='mc-date no-events'><span aria-hidden='true'>3<\/span><span class='screen-reader-text'>3 mayo, 2026<\/span><\/span><\/div>\n<\/td>\n<\/tr>\n<!-- End Event Row -->\n\n<\/tbody>\n<\/table><\/div><!-- .mc-content -->\n<nav class=\"my-calendar-navigation\" aria-label=\"Calendar (bottom)\">\n<div class=\"mc_bottomnav my-calendar-footer\"><div class=\"category-key has-icons\"><h3 class=\"maybe-hide\">Categor\u00edas<\/h3>\n<ul>\n<li class=\"cat_actividades\"><button type=\"button\" class=\"mc-navigation-button\" id=\"mc_cat_2-mc-948a6a8e8cd15db324902317a630b853\" data-href=\"https:\/\/www.asociacionigualar.org\/index.php\/calendar\/?mcat=2\" ><span class=\"category-color-sample svg\" style=\"background:#;\"><svg style=\"fill:#000000\" focusable=\"false\" role=\"img\" aria-labelledby=\"cat_2\" class=\"category-icon\" xmlns=\"http:\/\/www.w3.org\/2000\/svg\" viewBox=\"0 0 512 512\"><!-- Font Awesome Free 5.15.3 by @fontawesome - https:\/\/fontawesome.com License - https:\/\/fontawesome.com\/license\/free (Icons: CC BY 4.0, Fonts: SIL OFL 1.1, Code: MIT License) --><title id='cat_2'>Actividades<\/title><path d=\"M256,8C119,8,8,119,8,256S119,504,256,504,504,393,504,256,393,8,256,8Zm92.49,313h0l-20,25a16,16,0,0,1-22.49,2.5h0l-67-49.72a40,40,0,0,1-15-31.23V112a16,16,0,0,1,16-16h32a16,16,0,0,1,16,16V256l58,42.5A16,16,0,0,1,348.49,321Z\"\/><\/svg><\/span>Actividades<\/button><\/li><li class=\"cat_general\"><button type=\"button\" class=\"mc-navigation-button\" id=\"mc_cat_1-mc-948a6a8e8cd15db324902317a630b853\" data-href=\"https:\/\/www.asociacionigualar.org\/index.php\/calendar\/?mcat=1\" ><span class=\"category-color-sample svg\" style=\"background:#ffffcc;\"><svg style=\"fill:#000000\" focusable=\"false\" role=\"img\" aria-labelledby=\"cat_1\" class=\"category-icon\" xmlns=\"http:\/\/www.w3.org\/2000\/svg\" viewBox=\"0 0 448 512\"><!-- Font Awesome Free 5.15.3 by @fontawesome - https:\/\/fontawesome.com License - https:\/\/fontawesome.com\/license\/free (Icons: CC BY 4.0, Fonts: SIL OFL 1.1, Code: MIT License) --><title id='cat_1'>General<\/title><path d=\"M12 192h424c6.6 0 12 5.4 12 12v260c0 26.5-21.5 48-48 48H48c-26.5 0-48-21.5-48-48V204c0-6.6 5.4-12 12-12zm436-44v-36c0-26.5-21.5-48-48-48h-48V12c0-6.6-5.4-12-12-12h-40c-6.6 0-12 5.4-12 12v52H160V12c0-6.6-5.4-12-12-12h-40c-6.6 0-12 5.4-12 12v52H48C21.5 64 0 85.5 0 112v36c0 6.6 5.4 12 12 12h424c6.6 0 12-5.4 12-12z\"\/><\/svg><\/span>General<\/button><\/li><li class='all-categories'><span class='mc-active' id='mc_cat_all-mc-948a6a8e8cd15db324902317a630b853' tabindex='-1'>Todas las categor\u00edas<\/span><\/li><\/ul><\/div><div class='mc-export mc-subscribe'>\r\n\t<ul><li class='ics google'><a href='https:\/\/www.google.com\/calendar\/render?cid=webcal:\/\/www.asociacionigualar.org\/index.php\/feed\/my-calendar-google\/' rel='nofollow'><span class='mc-icon' aria-hidden='true'><\/span><span class=\"maybe-hide\">Subscribe in <\/span>Google<\/a><\/li><li class='ics ical'><a href='webcal:\/\/www.asociacionigualar.org\/index.php\/feed\/my-calendar-google\/' rel='nofollow'><span class='mc-icon' aria-hidden='true'><\/span><span class=\"maybe-hide\">Subscribe in <\/span>iCal<\/a><\/li><\/ul>\r\n<\/div><div class='mc-print'><a id='mc_print-mc-948a6a8e8cd15db324902317a630b853' href='https:\/\/www.asociacionigualar.org?cid=mc-print-view&#038;dy=1&#038;href=https%3A%2F%2Fwww.asociacionigualar.org%2Findex.php%2Fwp-json%2Fwp%2Fv2%2Fpages%2F616%2F&#038;month=4&#038;time=month&#038;yr=2026' rel='nofollow'><span class='mc-icon' aria-hidden='true'><\/span>Imprimir<span class=\"maybe-hide\"> Vistas<\/span><\/a><\/div><\/div>\n<\/nav>\n\r\n<\/div><!-- Close Main My Calendar Wrapper -->\n","protected":false},"excerpt":{"rendered":"<p>A continuaci\u00f3n podr\u00e1s ver el calendario con las pr\u00f3ximas actividades que se har\u00e1n desde la asociaci\u00f3n.<\/p>\n","protected":false},"author":1,"featured_media":0,"parent":0,"menu_order":8,"comment_status":"closed","ping_status":"closed","template":"","meta":{"jetpack_post_was_ever_published":false,"_mc_calendar":[],"footnotes":""},"class_list":["post-616","page","type-page","status-publish","hentry"],"yoast_head":"<!-- This site is optimized with the Yoast SEO plugin v27.4 - https:\/\/yoast.com\/product\/yoast-seo-wordpress\/ -->\n<title>Calendario - Asociaci\u00f3n Igualar<\/title>\n<meta name=\"robots\" content=\"index, follow, max-snippet:-1, max-image-preview:large, max-video-preview:-1\" \/>\n<link rel=\"canonical\" href=\"https:\/\/www.asociacionigualar.org\/index.php\/calendar\/\" \/>\n<meta property=\"og:locale\" content=\"es_ES\" \/>\n<meta property=\"og:type\" content=\"article\" \/>\n<meta property=\"og:title\" content=\"Calendario - Asociaci\u00f3n Igualar\" \/>\n<meta property=\"og:description\" content=\"A continuaci\u00f3n podr\u00e1s ver el calendario con las pr\u00f3ximas actividades que se har\u00e1n desde la asociaci\u00f3n.\" \/>\n<meta property=\"og:url\" content=\"https:\/\/www.asociacionigualar.org\/index.php\/calendar\/\" \/>\n<meta property=\"og:site_name\" content=\"Asociaci\u00f3n Igualar\" \/>\n<meta property=\"article:modified_time\" content=\"2017-03-03T14:12:44+00:00\" \/>\n<meta name=\"twitter:card\" content=\"summary_large_image\" \/>\n<script type=\"application\/ld+json\" class=\"yoast-schema-graph\">{\"@context\":\"https:\\\/\\\/schema.org\",\"@graph\":[{\"@type\":\"WebPage\",\"@id\":\"https:\\\/\\\/www.asociacionigualar.org\\\/index.php\\\/calendar\\\/\",\"url\":\"https:\\\/\\\/www.asociacionigualar.org\\\/index.php\\\/calendar\\\/\",\"name\":\"Calendario - Asociaci\u00f3n Igualar\",\"isPartOf\":{\"@id\":\"https:\\\/\\\/www.asociacionigualar.org\\\/#website\"},\"datePublished\":\"2017-02-07T10:16:58+00:00\",\"dateModified\":\"2017-03-03T14:12:44+00:00\",\"breadcrumb\":{\"@id\":\"https:\\\/\\\/www.asociacionigualar.org\\\/index.php\\\/calendar\\\/#breadcrumb\"},\"inLanguage\":\"es\",\"potentialAction\":[{\"@type\":\"ReadAction\",\"target\":[\"https:\\\/\\\/www.asociacionigualar.org\\\/index.php\\\/calendar\\\/\"]}]},{\"@type\":\"BreadcrumbList\",\"@id\":\"https:\\\/\\\/www.asociacionigualar.org\\\/index.php\\\/calendar\\\/#breadcrumb\",\"itemListElement\":[{\"@type\":\"ListItem\",\"position\":1,\"name\":\"Portada\",\"item\":\"https:\\\/\\\/www.asociacionigualar.org\\\/\"},{\"@type\":\"ListItem\",\"position\":2,\"name\":\"Calendario\"}]},{\"@type\":\"WebSite\",\"@id\":\"https:\\\/\\\/www.asociacionigualar.org\\\/#website\",\"url\":\"https:\\\/\\\/www.asociacionigualar.org\\\/\",\"name\":\"Asociaci\u00f3n Igualar\",\"description\":\"Ocio para todos\",\"potentialAction\":[{\"@type\":\"SearchAction\",\"target\":{\"@type\":\"EntryPoint\",\"urlTemplate\":\"https:\\\/\\\/www.asociacionigualar.org\\\/?s={search_term_string}\"},\"query-input\":{\"@type\":\"PropertyValueSpecification\",\"valueRequired\":true,\"valueName\":\"search_term_string\"}}],\"inLanguage\":\"es\"}]}<\/script>\n<!-- \/ Yoast SEO plugin. -->","yoast_head_json":{"title":"Calendario - Asociaci\u00f3n Igualar","robots":{"index":"index","follow":"follow","max-snippet":"max-snippet:-1","max-image-preview":"max-image-preview:large","max-video-preview":"max-video-preview:-1"},"canonical":"https:\/\/www.asociacionigualar.org\/index.php\/calendar\/","og_locale":"es_ES","og_type":"article","og_title":"Calendario - Asociaci\u00f3n Igualar","og_description":"A continuaci\u00f3n podr\u00e1s ver el calendario con las pr\u00f3ximas actividades que se har\u00e1n desde la asociaci\u00f3n.","og_url":"https:\/\/www.asociacionigualar.org\/index.php\/calendar\/","og_site_name":"Asociaci\u00f3n Igualar","article_modified_time":"2017-03-03T14:12:44+00:00","twitter_card":"summary_large_image","schema":{"@context":"https:\/\/schema.org","@graph":[{"@type":"WebPage","@id":"https:\/\/www.asociacionigualar.org\/index.php\/calendar\/","url":"https:\/\/www.asociacionigualar.org\/index.php\/calendar\/","name":"Calendario - Asociaci\u00f3n Igualar","isPartOf":{"@id":"https:\/\/www.asociacionigualar.org\/#website"},"datePublished":"2017-02-07T10:16:58+00:00","dateModified":"2017-03-03T14:12:44+00:00","breadcrumb":{"@id":"https:\/\/www.asociacionigualar.org\/index.php\/calendar\/#breadcrumb"},"inLanguage":"es","potentialAction":[{"@type":"ReadAction","target":["https:\/\/www.asociacionigualar.org\/index.php\/calendar\/"]}]},{"@type":"BreadcrumbList","@id":"https:\/\/www.asociacionigualar.org\/index.php\/calendar\/#breadcrumb","itemListElement":[{"@type":"ListItem","position":1,"name":"Portada","item":"https:\/\/www.asociacionigualar.org\/"},{"@type":"ListItem","position":2,"name":"Calendario"}]},{"@type":"WebSite","@id":"https:\/\/www.asociacionigualar.org\/#website","url":"https:\/\/www.asociacionigualar.org\/","name":"Asociaci\u00f3n Igualar","description":"Ocio para todos","potentialAction":[{"@type":"SearchAction","target":{"@type":"EntryPoint","urlTemplate":"https:\/\/www.asociacionigualar.org\/?s={search_term_string}"},"query-input":{"@type":"PropertyValueSpecification","valueRequired":true,"valueName":"search_term_string"}}],"inLanguage":"es"}]}},"jetpack_sharing_enabled":true,"jetpack_shortlink":"https:\/\/wp.me\/P8oT1p-9W","jetpack_likes_enabled":false,"_links":{"self":[{"href":"https:\/\/www.asociacionigualar.org\/index.php\/wp-json\/wp\/v2\/pages\/616","targetHints":{"allow":["GET"]}}],"collection":[{"href":"https:\/\/www.asociacionigualar.org\/index.php\/wp-json\/wp\/v2\/pages"}],"about":[{"href":"https:\/\/www.asociacionigualar.org\/index.php\/wp-json\/wp\/v2\/types\/page"}],"author":[{"embeddable":true,"href":"https:\/\/www.asociacionigualar.org\/index.php\/wp-json\/wp\/v2\/users\/1"}],"replies":[{"embeddable":true,"href":"https:\/\/www.asociacionigualar.org\/index.php\/wp-json\/wp\/v2\/comments?post=616"}],"version-history":[{"count":2,"href":"https:\/\/www.asociacionigualar.org\/index.php\/wp-json\/wp\/v2\/pages\/616\/revisions"}],"predecessor-version":[{"id":621,"href":"https:\/\/www.asociacionigualar.org\/index.php\/wp-json\/wp\/v2\/pages\/616\/revisions\/621"}],"wp:attachment":[{"href":"https:\/\/www.asociacionigualar.org\/index.php\/wp-json\/wp\/v2\/media?parent=616"}],"curies":[{"name":"wp","href":"https:\/\/api.w.org\/{rel}","templated":true}]}}