{"id":89,"date":"2016-04-19T13:46:43","date_gmt":"2016-04-19T13:46:43","guid":{"rendered":"http:\/\/www.asociacionigualar.org\/?page_id=89"},"modified":"2023-07-11T13:34:12","modified_gmt":"2023-07-11T11:34:12","slug":"nuestros-fines","status":"publish","type":"page","link":"https:\/\/www.asociacionigualar.org\/index.php\/que-hacemos\/nuestros-fines\/","title":{"rendered":"Nuestros fines"},"content":{"rendered":"<p style=\"text-align: justify;\">A tenor de nuestros estatutos <strong>IGUALAR <\/strong>pretende:<\/p>\n<ul style=\"text-align: justify;\">\n<li>La efectiva consecuci\u00f3n de la integraci\u00f3n social de las personas con discapacidad y de su derecho a disfrutar del ocio y de las actividades de tiempo libre.<\/li>\n<\/ul>\n<ul style=\"text-align: justify;\">\n<li>La realizaci\u00f3n de actividades de ocio inclusivo para usuarios de todas las edades con altos est\u00e1ndares de calidad, en entornos adecuados.<\/li>\n<\/ul>\n<ul style=\"text-align: justify;\">\n<li>La transmisi\u00f3n de los conocimientos y habilidades sociales necesarios para mejorar la adaptabilidad social de las personas a trav\u00e9s de instrumentos de educaci\u00f3n no formal.<\/li>\n<\/ul>\n<ul style=\"text-align: justify;\">\n<li>La formaci\u00f3n de profesionales capaces de programar y ejecutar actividades de ocio para personas con y sin discapacidad y el asesoramiento y apoyo a entidades que desarrollen dichos programas.<\/li>\n<\/ul>\n<ul style=\"text-align: justify;\">\n<li>La b\u00fasqueda y creaci\u00f3n de lugares de ocio perfectamente adaptados a todas las necesidades de las personas con discapacidad, como condici\u00f3n necesaria para el pleno disfrute de su tiempo libre.<\/li>\n<\/ul>\n<ul>\n<li style=\"text-align: justify;\">La sensibilizaci\u00f3n y concienciaci\u00f3n de la sociedad espa\u00f1ola sobre las dificultades y necesidades de las personas con discapacidad en materia de ocio y tiempo libre.<\/li>\n<\/ul>\n<figure id=\"attachment_1138\" aria-describedby=\"caption-attachment-1138\" style=\"width: 300px\" class=\"wp-caption alignleft\"><a href=\"https:\/\/www.asociacionigualar.org\/index.php\/que-hacemos\/nuestros-fines\/18403957_864456610378394_4178883832154581838_o-1\/\" rel=\"attachment wp-att-1138\"><img fetchpriority=\"high\" decoding=\"async\" id=\"longdesc-return-1138\" class=\"size-medium wp-image-1138\" tabindex=\"-1\" src=\"https:\/\/www.asociacionigualar.org\/wp-content\/uploads\/2016\/04\/18403957_864456610378394_4178883832154581838_o-1-300x231.jpg\" alt=\"Actividad de Sensibilizaci\u00f3n\" width=\"300\" height=\"231\" longdesc=\"https:\/\/www.asociacionigualar.org?longdesc=1138&amp;referrer=89\" srcset=\"https:\/\/www.asociacionigualar.org\/wp-content\/uploads\/2016\/04\/18403957_864456610378394_4178883832154581838_o-1-300x231.jpg 300w, https:\/\/www.asociacionigualar.org\/wp-content\/uploads\/2016\/04\/18403957_864456610378394_4178883832154581838_o-1-768x592.jpg 768w, https:\/\/www.asociacionigualar.org\/wp-content\/uploads\/2016\/04\/18403957_864456610378394_4178883832154581838_o-1-1024x789.jpg 1024w, https:\/\/www.asociacionigualar.org\/wp-content\/uploads\/2016\/04\/18403957_864456610378394_4178883832154581838_o-1-1200x925.jpg 1200w, https:\/\/www.asociacionigualar.org\/wp-content\/uploads\/2016\/04\/18403957_864456610378394_4178883832154581838_o-1.jpg 1474w\" sizes=\"(max-width: 300px) 85vw, 300px\" \/><\/a><figcaption id=\"caption-attachment-1138\" class=\"wp-caption-text\">Voluntario explicando las t\u00e9cnicas para la actividad del senderismo de personas con discapacidad visual.<\/figcaption><\/figure>\n<figure id=\"attachment_582\" aria-describedby=\"caption-attachment-582\" style=\"width: 300px\" class=\"wp-caption alignright\"><a href=\"https:\/\/www.asociacionigualar.org\/teresa-sigue-atenta-las-explicaciones-de-la-guia-ante-la-maqueta-metalica-de-la-ciudad-de-florencia-expuesta-en-su-plaza-de-la-republica-crucero-2015\/\"><img decoding=\"async\" id=\"longdesc-return-582\" class=\"size-medium wp-image-582\" tabindex=\"-1\" src=\"https:\/\/www.asociacionigualar.org\/wp-content\/uploads\/2017\/02\/TERESA-SIGUE-ATENTA-LAS-EXPLICACIONES-DE-LA-GU\u00cdA-ANTE-LA-MAQUETA-MET\u00c1LICA-DE-LA-CIUDAD-DE-FLORENCIA-EXPUESTA-EN-SU-PLAZA-DE-LA-REP\u00daBLICA-CRUCERO-2015-300x169.jpg\" alt=\"\" width=\"300\" height=\"169\" longdesc=\"https:\/\/www.asociacionigualar.org?longdesc=582&amp;referrer=89\" \/><\/a><figcaption id=\"caption-attachment-582\" class=\"wp-caption-text\">Varias manos tocando una maqueta de la ciudad de Florencia durante el crucero 2015.<\/figcaption><\/figure>\n","protected":false},"excerpt":{"rendered":"<p>A tenor de nuestros estatutos IGUALAR pretende: La efectiva consecuci\u00f3n de la integraci\u00f3n social de las personas con discapacidad y de su derecho a disfrutar del ocio y de las actividades de tiempo libre. La realizaci\u00f3n de actividades de ocio inclusivo para usuarios de todas las edades con altos est\u00e1ndares de calidad, en entornos adecuados. &hellip; <a href=\"https:\/\/www.asociacionigualar.org\/index.php\/que-hacemos\/nuestros-fines\/\" class=\"more-link\">Continuar leyendo<span class=\"screen-reader-text\"> \u00abNuestros fines\u00bb<\/span><\/a><\/p>\n","protected":false},"author":1,"featured_media":0,"parent":731,"menu_order":0,"comment_status":"closed","ping_status":"closed","template":"","meta":{"jetpack_post_was_ever_published":false,"_mc_calendar":[],"footnotes":""},"class_list":["post-89","page","type-page","status-publish","hentry"],"yoast_head":"<!-- This site is optimized with the Yoast SEO plugin v27.4 - https:\/\/yoast.com\/product\/yoast-seo-wordpress\/ -->\n<title>Nuestros fines - Asociaci\u00f3n Igualar<\/title>\n<meta name=\"robots\" content=\"index, follow, max-snippet:-1, max-image-preview:large, max-video-preview:-1\" \/>\n<link rel=\"canonical\" href=\"https:\/\/www.asociacionigualar.org\/index.php\/que-hacemos\/nuestros-fines\/\" \/>\n<meta property=\"og:locale\" content=\"es_ES\" \/>\n<meta property=\"og:type\" content=\"article\" \/>\n<meta property=\"og:title\" content=\"Nuestros fines - Asociaci\u00f3n Igualar\" \/>\n<meta property=\"og:description\" content=\"A tenor de nuestros estatutos IGUALAR pretende: La efectiva consecuci\u00f3n de la integraci\u00f3n social de las personas con discapacidad y de su derecho a disfrutar del ocio y de las actividades de tiempo libre. La realizaci\u00f3n de actividades de ocio inclusivo para usuarios de todas las edades con altos est\u00e1ndares de calidad, en entornos adecuados. &hellip; Continuar leyendo &quot;Nuestros fines&quot;\" \/>\n<meta property=\"og:url\" content=\"https:\/\/www.asociacionigualar.org\/index.php\/que-hacemos\/nuestros-fines\/\" \/>\n<meta property=\"og:site_name\" content=\"Asociaci\u00f3n Igualar\" \/>\n<meta property=\"article:modified_time\" content=\"2023-07-11T11:34:12+00:00\" \/>\n<meta property=\"og:image\" content=\"http:\/\/www.asociacionigualar.org\/wp-content\/uploads\/2016\/04\/18403957_864456610378394_4178883832154581838_o-1-300x231.jpg\" \/>\n<meta name=\"twitter:card\" content=\"summary_large_image\" \/>\n<meta name=\"twitter:label1\" content=\"Tiempo de lectura\" \/>\n\t<meta name=\"twitter:data1\" content=\"2 minutos\" \/>\n<script type=\"application\/ld+json\" class=\"yoast-schema-graph\">{\"@context\":\"https:\\\/\\\/schema.org\",\"@graph\":[{\"@type\":\"WebPage\",\"@id\":\"https:\\\/\\\/www.asociacionigualar.org\\\/index.php\\\/que-hacemos\\\/nuestros-fines\\\/\",\"url\":\"https:\\\/\\\/www.asociacionigualar.org\\\/index.php\\\/que-hacemos\\\/nuestros-fines\\\/\",\"name\":\"Nuestros fines - Asociaci\u00f3n Igualar\",\"isPartOf\":{\"@id\":\"https:\\\/\\\/www.asociacionigualar.org\\\/#website\"},\"primaryImageOfPage\":{\"@id\":\"https:\\\/\\\/www.asociacionigualar.org\\\/index.php\\\/que-hacemos\\\/nuestros-fines\\\/#primaryimage\"},\"image\":{\"@id\":\"https:\\\/\\\/www.asociacionigualar.org\\\/index.php\\\/que-hacemos\\\/nuestros-fines\\\/#primaryimage\"},\"thumbnailUrl\":\"http:\\\/\\\/www.asociacionigualar.org\\\/wp-content\\\/uploads\\\/2016\\\/04\\\/18403957_864456610378394_4178883832154581838_o-1-300x231.jpg\",\"datePublished\":\"2016-04-19T13:46:43+00:00\",\"dateModified\":\"2023-07-11T11:34:12+00:00\",\"breadcrumb\":{\"@id\":\"https:\\\/\\\/www.asociacionigualar.org\\\/index.php\\\/que-hacemos\\\/nuestros-fines\\\/#breadcrumb\"},\"inLanguage\":\"es\",\"potentialAction\":[{\"@type\":\"ReadAction\",\"target\":[\"https:\\\/\\\/www.asociacionigualar.org\\\/index.php\\\/que-hacemos\\\/nuestros-fines\\\/\"]}]},{\"@type\":\"ImageObject\",\"inLanguage\":\"es\",\"@id\":\"https:\\\/\\\/www.asociacionigualar.org\\\/index.php\\\/que-hacemos\\\/nuestros-fines\\\/#primaryimage\",\"url\":\"https:\\\/\\\/www.asociacionigualar.org\\\/wp-content\\\/uploads\\\/2016\\\/04\\\/18403957_864456610378394_4178883832154581838_o-1.jpg\",\"contentUrl\":\"https:\\\/\\\/www.asociacionigualar.org\\\/wp-content\\\/uploads\\\/2016\\\/04\\\/18403957_864456610378394_4178883832154581838_o-1.jpg\",\"width\":1474,\"height\":1136,\"caption\":\"Monitor explicando el senderismos para personas con discapacidad visual\"},{\"@type\":\"BreadcrumbList\",\"@id\":\"https:\\\/\\\/www.asociacionigualar.org\\\/index.php\\\/que-hacemos\\\/nuestros-fines\\\/#breadcrumb\",\"itemListElement\":[{\"@type\":\"ListItem\",\"position\":1,\"name\":\"Portada\",\"item\":\"https:\\\/\\\/www.asociacionigualar.org\\\/\"},{\"@type\":\"ListItem\",\"position\":2,\"name\":\"\u00bfQu\u00e9 hacemos?\",\"item\":\"https:\\\/\\\/www.asociacionigualar.org\\\/index.php\\\/que-hacemos\\\/\"},{\"@type\":\"ListItem\",\"position\":3,\"name\":\"Nuestros fines\"}]},{\"@type\":\"WebSite\",\"@id\":\"https:\\\/\\\/www.asociacionigualar.org\\\/#website\",\"url\":\"https:\\\/\\\/www.asociacionigualar.org\\\/\",\"name\":\"Asociaci\u00f3n Igualar\",\"description\":\"Ocio para todos\",\"potentialAction\":[{\"@type\":\"SearchAction\",\"target\":{\"@type\":\"EntryPoint\",\"urlTemplate\":\"https:\\\/\\\/www.asociacionigualar.org\\\/?s={search_term_string}\"},\"query-input\":{\"@type\":\"PropertyValueSpecification\",\"valueRequired\":true,\"valueName\":\"search_term_string\"}}],\"inLanguage\":\"es\"}]}<\/script>\n<!-- \/ Yoast SEO plugin. -->","yoast_head_json":{"title":"Nuestros fines - Asociaci\u00f3n Igualar","robots":{"index":"index","follow":"follow","max-snippet":"max-snippet:-1","max-image-preview":"max-image-preview:large","max-video-preview":"max-video-preview:-1"},"canonical":"https:\/\/www.asociacionigualar.org\/index.php\/que-hacemos\/nuestros-fines\/","og_locale":"es_ES","og_type":"article","og_title":"Nuestros fines - Asociaci\u00f3n Igualar","og_description":"A tenor de nuestros estatutos IGUALAR pretende: La efectiva consecuci\u00f3n de la integraci\u00f3n social de las personas con discapacidad y de su derecho a disfrutar del ocio y de las actividades de tiempo libre. La realizaci\u00f3n de actividades de ocio inclusivo para usuarios de todas las edades con altos est\u00e1ndares de calidad, en entornos adecuados. &hellip; Continuar leyendo \"Nuestros fines\"","og_url":"https:\/\/www.asociacionigualar.org\/index.php\/que-hacemos\/nuestros-fines\/","og_site_name":"Asociaci\u00f3n Igualar","article_modified_time":"2023-07-11T11:34:12+00:00","og_image":[{"url":"http:\/\/www.asociacionigualar.org\/wp-content\/uploads\/2016\/04\/18403957_864456610378394_4178883832154581838_o-1-300x231.jpg","type":"","width":"","height":""}],"twitter_card":"summary_large_image","twitter_misc":{"Tiempo de lectura":"2 minutos"},"schema":{"@context":"https:\/\/schema.org","@graph":[{"@type":"WebPage","@id":"https:\/\/www.asociacionigualar.org\/index.php\/que-hacemos\/nuestros-fines\/","url":"https:\/\/www.asociacionigualar.org\/index.php\/que-hacemos\/nuestros-fines\/","name":"Nuestros fines - Asociaci\u00f3n Igualar","isPartOf":{"@id":"https:\/\/www.asociacionigualar.org\/#website"},"primaryImageOfPage":{"@id":"https:\/\/www.asociacionigualar.org\/index.php\/que-hacemos\/nuestros-fines\/#primaryimage"},"image":{"@id":"https:\/\/www.asociacionigualar.org\/index.php\/que-hacemos\/nuestros-fines\/#primaryimage"},"thumbnailUrl":"http:\/\/www.asociacionigualar.org\/wp-content\/uploads\/2016\/04\/18403957_864456610378394_4178883832154581838_o-1-300x231.jpg","datePublished":"2016-04-19T13:46:43+00:00","dateModified":"2023-07-11T11:34:12+00:00","breadcrumb":{"@id":"https:\/\/www.asociacionigualar.org\/index.php\/que-hacemos\/nuestros-fines\/#breadcrumb"},"inLanguage":"es","potentialAction":[{"@type":"ReadAction","target":["https:\/\/www.asociacionigualar.org\/index.php\/que-hacemos\/nuestros-fines\/"]}]},{"@type":"ImageObject","inLanguage":"es","@id":"https:\/\/www.asociacionigualar.org\/index.php\/que-hacemos\/nuestros-fines\/#primaryimage","url":"https:\/\/www.asociacionigualar.org\/wp-content\/uploads\/2016\/04\/18403957_864456610378394_4178883832154581838_o-1.jpg","contentUrl":"https:\/\/www.asociacionigualar.org\/wp-content\/uploads\/2016\/04\/18403957_864456610378394_4178883832154581838_o-1.jpg","width":1474,"height":1136,"caption":"Monitor explicando el senderismos para personas con discapacidad visual"},{"@type":"BreadcrumbList","@id":"https:\/\/www.asociacionigualar.org\/index.php\/que-hacemos\/nuestros-fines\/#breadcrumb","itemListElement":[{"@type":"ListItem","position":1,"name":"Portada","item":"https:\/\/www.asociacionigualar.org\/"},{"@type":"ListItem","position":2,"name":"\u00bfQu\u00e9 hacemos?","item":"https:\/\/www.asociacionigualar.org\/index.php\/que-hacemos\/"},{"@type":"ListItem","position":3,"name":"Nuestros fines"}]},{"@type":"WebSite","@id":"https:\/\/www.asociacionigualar.org\/#website","url":"https:\/\/www.asociacionigualar.org\/","name":"Asociaci\u00f3n Igualar","description":"Ocio para todos","potentialAction":[{"@type":"SearchAction","target":{"@type":"EntryPoint","urlTemplate":"https:\/\/www.asociacionigualar.org\/?s={search_term_string}"},"query-input":{"@type":"PropertyValueSpecification","valueRequired":true,"valueName":"search_term_string"}}],"inLanguage":"es"}]}},"jetpack_sharing_enabled":true,"jetpack_shortlink":"https:\/\/wp.me\/P8oT1p-1r","jetpack_likes_enabled":false,"_links":{"self":[{"href":"https:\/\/www.asociacionigualar.org\/index.php\/wp-json\/wp\/v2\/pages\/89","targetHints":{"allow":["GET"]}}],"collection":[{"href":"https:\/\/www.asociacionigualar.org\/index.php\/wp-json\/wp\/v2\/pages"}],"about":[{"href":"https:\/\/www.asociacionigualar.org\/index.php\/wp-json\/wp\/v2\/types\/page"}],"author":[{"embeddable":true,"href":"https:\/\/www.asociacionigualar.org\/index.php\/wp-json\/wp\/v2\/users\/1"}],"replies":[{"embeddable":true,"href":"https:\/\/www.asociacionigualar.org\/index.php\/wp-json\/wp\/v2\/comments?post=89"}],"version-history":[{"count":12,"href":"https:\/\/www.asociacionigualar.org\/index.php\/wp-json\/wp\/v2\/pages\/89\/revisions"}],"predecessor-version":[{"id":3059,"href":"https:\/\/www.asociacionigualar.org\/index.php\/wp-json\/wp\/v2\/pages\/89\/revisions\/3059"}],"up":[{"embeddable":true,"href":"https:\/\/www.asociacionigualar.org\/index.php\/wp-json\/wp\/v2\/pages\/731"}],"wp:attachment":[{"href":"https:\/\/www.asociacionigualar.org\/index.php\/wp-json\/wp\/v2\/media?parent=89"}],"curies":[{"name":"wp","href":"https:\/\/api.w.org\/{rel}","templated":true}]}}