{"id":91,"date":"2016-04-19T13:47:25","date_gmt":"2016-04-19T13:47:25","guid":{"rendered":"http:\/\/www.asociacionigualar.org\/?page_id=91"},"modified":"2023-07-11T13:37:06","modified_gmt":"2023-07-11T11:37:06","slug":"objetivos","status":"publish","type":"page","link":"https:\/\/www.asociacionigualar.org\/index.php\/que-hacemos\/objetivos\/","title":{"rendered":"Objetivos"},"content":{"rendered":"<ul>\n<li style=\"text-align: justify;\">Se emprender\u00e1n acciones de sensibilizaci\u00f3n desde una perspectiva positiva y con una metodolog\u00eda l\u00fadica.<\/li>\n<\/ul>\n<ul style=\"text-align: justify;\">\n<li>Se organizar\u00e1n actividades de ocio y tiempo libre para personas con y\/o sin discapacidad.<\/li>\n<\/ul>\n<ul style=\"text-align: justify;\">\n<li>Se programar\u00e1n de forma especial campamentos para ni\u00f1os y j\u00f3venes con y sin discapacidad.<\/li>\n<\/ul>\n<ul style=\"text-align: justify;\">\n<li>Se acometer\u00e1n acciones para conseguir dotar de una formaci\u00f3n te\u00f3rico-pr\u00e1ctica adecuada a aquellos profesionales de la animaci\u00f3n socio-cultural, la integraci\u00f3n social o la educaci\u00f3n social.<\/li>\n<\/ul>\n<ul>\n<li style=\"text-align: justify;\">Se proyectar\u00e1 un espacio de ocio dotado de las instalaciones necesarias para realizar un amplio abanico de actividades de animaci\u00f3n socio-cultural totalmente adaptado a todas las personas con independencia de su tipo de discapacidad.<\/li>\n<\/ul>\n<figure id=\"attachment_1141\" aria-describedby=\"caption-attachment-1141\" style=\"width: 386px\" class=\"wp-caption alignright\"><a href=\"https:\/\/www.asociacionigualar.org\/index.php\/que-hacemos\/objetivos\/grupo-en-uno-de-los-descansos-del-dia-lleno-de-visitas\/\" rel=\"attachment wp-att-1141\"><img fetchpriority=\"high\" decoding=\"async\" id=\"longdesc-return-1141\" class=\"wp-image-1141\" tabindex=\"-1\" src=\"https:\/\/www.asociacionigualar.org\/wp-content\/uploads\/2016\/04\/GRUPO-EN-UNO-DE-LOS-DESCANSOS-DEL-D\u00cdA-LLENO-DE-VISITAS-300x225.jpg\" alt=\"departamento de Jovenes\" width=\"386\" height=\"290\" longdesc=\"https:\/\/www.asociacionigualar.org?longdesc=1141&amp;referrer=91\" srcset=\"https:\/\/www.asociacionigualar.org\/wp-content\/uploads\/2016\/04\/GRUPO-EN-UNO-DE-LOS-DESCANSOS-DEL-D\u00cdA-LLENO-DE-VISITAS-300x225.jpg 300w, https:\/\/www.asociacionigualar.org\/wp-content\/uploads\/2016\/04\/GRUPO-EN-UNO-DE-LOS-DESCANSOS-DEL-D\u00cdA-LLENO-DE-VISITAS-768x576.jpg 768w, https:\/\/www.asociacionigualar.org\/wp-content\/uploads\/2016\/04\/GRUPO-EN-UNO-DE-LOS-DESCANSOS-DEL-D\u00cdA-LLENO-DE-VISITAS-1024x768.jpg 1024w, https:\/\/www.asociacionigualar.org\/wp-content\/uploads\/2016\/04\/GRUPO-EN-UNO-DE-LOS-DESCANSOS-DEL-D\u00cdA-LLENO-DE-VISITAS-1200x900.jpg 1200w, https:\/\/www.asociacionigualar.org\/wp-content\/uploads\/2016\/04\/GRUPO-EN-UNO-DE-LOS-DESCANSOS-DEL-D\u00cdA-LLENO-DE-VISITAS.jpg 1600w\" sizes=\"(max-width: 386px) 85vw, 386px\" \/><\/a><figcaption id=\"caption-attachment-1141\" class=\"wp-caption-text\">El grupo de j\u00f3venes y monitores con el Alc\u00e1zar de Segovia al fondo.<\/figcaption><\/figure>\n<figure id=\"attachment_577\" aria-describedby=\"caption-attachment-577\" style=\"width: 215px\" class=\"wp-caption alignleft\"><a href=\"https:\/\/www.asociacionigualar.org\/index.php\/que-hacemos\/objetivos\/almu-explica-el-uso-de-la-perkins-a-un-nino-dn-2015\/\" rel=\"attachment wp-att-577\"><img decoding=\"async\" id=\"longdesc-return-577\" class=\"size-medium wp-image-577\" tabindex=\"-1\" src=\"https:\/\/www.asociacionigualar.org\/wp-content\/uploads\/2017\/02\/ALMU-EXPLICA-EL-USO-DE-LA-PERKINS-A-UN-NI\u00d1O-DN-2015-215x300.jpg\" alt=\"\" width=\"215\" height=\"300\" longdesc=\"https:\/\/www.asociacionigualar.org?longdesc=577&amp;referrer=91\" \/><\/a><figcaption id=\"caption-attachment-577\" class=\"wp-caption-text\">Una de nuestras monitoras ense\u00f1ando el uso de la Perkins en el d\u00eda del ni\u00f1o de Pozuelo Alarc\u00f3n.<\/figcaption><\/figure>\n","protected":false},"excerpt":{"rendered":"<p>Se emprender\u00e1n acciones de sensibilizaci\u00f3n desde una perspectiva positiva y con una metodolog\u00eda l\u00fadica. Se organizar\u00e1n actividades de ocio y tiempo libre para personas con y\/o sin discapacidad. Se programar\u00e1n de forma especial campamentos para ni\u00f1os y j\u00f3venes con y sin discapacidad. Se acometer\u00e1n acciones para conseguir dotar de una formaci\u00f3n te\u00f3rico-pr\u00e1ctica adecuada a aquellos &hellip; <a href=\"https:\/\/www.asociacionigualar.org\/index.php\/que-hacemos\/objetivos\/\" class=\"more-link\">Continuar leyendo<span class=\"screen-reader-text\"> \u00abObjetivos\u00bb<\/span><\/a><\/p>\n","protected":false},"author":1,"featured_media":0,"parent":731,"menu_order":0,"comment_status":"closed","ping_status":"closed","template":"","meta":{"jetpack_post_was_ever_published":false,"_mc_calendar":[],"footnotes":""},"class_list":["post-91","page","type-page","status-publish","hentry"],"yoast_head":"<!-- This site is optimized with the Yoast SEO plugin v27.4 - https:\/\/yoast.com\/product\/yoast-seo-wordpress\/ -->\n<title>Objetivos - Asociaci\u00f3n Igualar<\/title>\n<meta name=\"robots\" content=\"index, follow, max-snippet:-1, max-image-preview:large, max-video-preview:-1\" \/>\n<link rel=\"canonical\" href=\"https:\/\/www.asociacionigualar.org\/index.php\/que-hacemos\/objetivos\/\" \/>\n<meta property=\"og:locale\" content=\"es_ES\" \/>\n<meta property=\"og:type\" content=\"article\" \/>\n<meta property=\"og:title\" content=\"Objetivos - Asociaci\u00f3n Igualar\" \/>\n<meta property=\"og:description\" content=\"Se emprender\u00e1n acciones de sensibilizaci\u00f3n desde una perspectiva positiva y con una metodolog\u00eda l\u00fadica. Se organizar\u00e1n actividades de ocio y tiempo libre para personas con y\/o sin discapacidad. Se programar\u00e1n de forma especial campamentos para ni\u00f1os y j\u00f3venes con y sin discapacidad. Se acometer\u00e1n acciones para conseguir dotar de una formaci\u00f3n te\u00f3rico-pr\u00e1ctica adecuada a aquellos &hellip; Continuar leyendo &quot;Objetivos&quot;\" \/>\n<meta property=\"og:url\" content=\"https:\/\/www.asociacionigualar.org\/index.php\/que-hacemos\/objetivos\/\" \/>\n<meta property=\"og:site_name\" content=\"Asociaci\u00f3n Igualar\" \/>\n<meta property=\"article:modified_time\" content=\"2023-07-11T11:37:06+00:00\" \/>\n<meta name=\"twitter:card\" content=\"summary_large_image\" \/>\n<meta name=\"twitter:label1\" content=\"Tiempo de lectura\" \/>\n\t<meta name=\"twitter:data1\" content=\"2 minutos\" \/>\n<script type=\"application\/ld+json\" class=\"yoast-schema-graph\">{\"@context\":\"https:\\\/\\\/schema.org\",\"@graph\":[{\"@type\":\"WebPage\",\"@id\":\"https:\\\/\\\/www.asociacionigualar.org\\\/index.php\\\/que-hacemos\\\/objetivos\\\/\",\"url\":\"https:\\\/\\\/www.asociacionigualar.org\\\/index.php\\\/que-hacemos\\\/objetivos\\\/\",\"name\":\"Objetivos - Asociaci\u00f3n Igualar\",\"isPartOf\":{\"@id\":\"https:\\\/\\\/www.asociacionigualar.org\\\/#website\"},\"datePublished\":\"2016-04-19T13:47:25+00:00\",\"dateModified\":\"2023-07-11T11:37:06+00:00\",\"breadcrumb\":{\"@id\":\"https:\\\/\\\/www.asociacionigualar.org\\\/index.php\\\/que-hacemos\\\/objetivos\\\/#breadcrumb\"},\"inLanguage\":\"es\",\"potentialAction\":[{\"@type\":\"ReadAction\",\"target\":[\"https:\\\/\\\/www.asociacionigualar.org\\\/index.php\\\/que-hacemos\\\/objetivos\\\/\"]}]},{\"@type\":\"BreadcrumbList\",\"@id\":\"https:\\\/\\\/www.asociacionigualar.org\\\/index.php\\\/que-hacemos\\\/objetivos\\\/#breadcrumb\",\"itemListElement\":[{\"@type\":\"ListItem\",\"position\":1,\"name\":\"Portada\",\"item\":\"https:\\\/\\\/www.asociacionigualar.org\\\/\"},{\"@type\":\"ListItem\",\"position\":2,\"name\":\"\u00bfQu\u00e9 hacemos?\",\"item\":\"https:\\\/\\\/www.asociacionigualar.org\\\/index.php\\\/que-hacemos\\\/\"},{\"@type\":\"ListItem\",\"position\":3,\"name\":\"Objetivos\"}]},{\"@type\":\"WebSite\",\"@id\":\"https:\\\/\\\/www.asociacionigualar.org\\\/#website\",\"url\":\"https:\\\/\\\/www.asociacionigualar.org\\\/\",\"name\":\"Asociaci\u00f3n Igualar\",\"description\":\"Ocio para todos\",\"potentialAction\":[{\"@type\":\"SearchAction\",\"target\":{\"@type\":\"EntryPoint\",\"urlTemplate\":\"https:\\\/\\\/www.asociacionigualar.org\\\/?s={search_term_string}\"},\"query-input\":{\"@type\":\"PropertyValueSpecification\",\"valueRequired\":true,\"valueName\":\"search_term_string\"}}],\"inLanguage\":\"es\"}]}<\/script>\n<!-- \/ Yoast SEO plugin. -->","yoast_head_json":{"title":"Objetivos - Asociaci\u00f3n Igualar","robots":{"index":"index","follow":"follow","max-snippet":"max-snippet:-1","max-image-preview":"max-image-preview:large","max-video-preview":"max-video-preview:-1"},"canonical":"https:\/\/www.asociacionigualar.org\/index.php\/que-hacemos\/objetivos\/","og_locale":"es_ES","og_type":"article","og_title":"Objetivos - Asociaci\u00f3n Igualar","og_description":"Se emprender\u00e1n acciones de sensibilizaci\u00f3n desde una perspectiva positiva y con una metodolog\u00eda l\u00fadica. Se organizar\u00e1n actividades de ocio y tiempo libre para personas con y\/o sin discapacidad. Se programar\u00e1n de forma especial campamentos para ni\u00f1os y j\u00f3venes con y sin discapacidad. Se acometer\u00e1n acciones para conseguir dotar de una formaci\u00f3n te\u00f3rico-pr\u00e1ctica adecuada a aquellos &hellip; Continuar leyendo \"Objetivos\"","og_url":"https:\/\/www.asociacionigualar.org\/index.php\/que-hacemos\/objetivos\/","og_site_name":"Asociaci\u00f3n Igualar","article_modified_time":"2023-07-11T11:37:06+00:00","twitter_card":"summary_large_image","twitter_misc":{"Tiempo de lectura":"2 minutos"},"schema":{"@context":"https:\/\/schema.org","@graph":[{"@type":"WebPage","@id":"https:\/\/www.asociacionigualar.org\/index.php\/que-hacemos\/objetivos\/","url":"https:\/\/www.asociacionigualar.org\/index.php\/que-hacemos\/objetivos\/","name":"Objetivos - Asociaci\u00f3n Igualar","isPartOf":{"@id":"https:\/\/www.asociacionigualar.org\/#website"},"datePublished":"2016-04-19T13:47:25+00:00","dateModified":"2023-07-11T11:37:06+00:00","breadcrumb":{"@id":"https:\/\/www.asociacionigualar.org\/index.php\/que-hacemos\/objetivos\/#breadcrumb"},"inLanguage":"es","potentialAction":[{"@type":"ReadAction","target":["https:\/\/www.asociacionigualar.org\/index.php\/que-hacemos\/objetivos\/"]}]},{"@type":"BreadcrumbList","@id":"https:\/\/www.asociacionigualar.org\/index.php\/que-hacemos\/objetivos\/#breadcrumb","itemListElement":[{"@type":"ListItem","position":1,"name":"Portada","item":"https:\/\/www.asociacionigualar.org\/"},{"@type":"ListItem","position":2,"name":"\u00bfQu\u00e9 hacemos?","item":"https:\/\/www.asociacionigualar.org\/index.php\/que-hacemos\/"},{"@type":"ListItem","position":3,"name":"Objetivos"}]},{"@type":"WebSite","@id":"https:\/\/www.asociacionigualar.org\/#website","url":"https:\/\/www.asociacionigualar.org\/","name":"Asociaci\u00f3n Igualar","description":"Ocio para todos","potentialAction":[{"@type":"SearchAction","target":{"@type":"EntryPoint","urlTemplate":"https:\/\/www.asociacionigualar.org\/?s={search_term_string}"},"query-input":{"@type":"PropertyValueSpecification","valueRequired":true,"valueName":"search_term_string"}}],"inLanguage":"es"}]}},"jetpack_sharing_enabled":true,"jetpack_shortlink":"https:\/\/wp.me\/P8oT1p-1t","jetpack_likes_enabled":false,"_links":{"self":[{"href":"https:\/\/www.asociacionigualar.org\/index.php\/wp-json\/wp\/v2\/pages\/91","targetHints":{"allow":["GET"]}}],"collection":[{"href":"https:\/\/www.asociacionigualar.org\/index.php\/wp-json\/wp\/v2\/pages"}],"about":[{"href":"https:\/\/www.asociacionigualar.org\/index.php\/wp-json\/wp\/v2\/types\/page"}],"author":[{"embeddable":true,"href":"https:\/\/www.asociacionigualar.org\/index.php\/wp-json\/wp\/v2\/users\/1"}],"replies":[{"embeddable":true,"href":"https:\/\/www.asociacionigualar.org\/index.php\/wp-json\/wp\/v2\/comments?post=91"}],"version-history":[{"count":9,"href":"https:\/\/www.asociacionigualar.org\/index.php\/wp-json\/wp\/v2\/pages\/91\/revisions"}],"predecessor-version":[{"id":3060,"href":"https:\/\/www.asociacionigualar.org\/index.php\/wp-json\/wp\/v2\/pages\/91\/revisions\/3060"}],"up":[{"embeddable":true,"href":"https:\/\/www.asociacionigualar.org\/index.php\/wp-json\/wp\/v2\/pages\/731"}],"wp:attachment":[{"href":"https:\/\/www.asociacionigualar.org\/index.php\/wp-json\/wp\/v2\/media?parent=91"}],"curies":[{"name":"wp","href":"https:\/\/api.w.org\/{rel}","templated":true}]}}